  {"id":22557,"date":"2025-01-13T13:26:42","date_gmt":"2025-01-13T12:26:42","guid":{"rendered":"https:\/\/somconnexio.local\/?page_id=22557"},"modified":"2025-09-09T11:42:58","modified_gmt":"2025-09-09T09:42:58","slug":"brecha-digital","status":"publish","type":"page","link":"https:\/\/somconnexio.coop\/es\/brecha-digital\/","title":{"rendered":"Brecha digital"},"content":{"rendered":"\n<div class=\"wp-block-group alignfull has-primary-background-color has-background has-global-padding is-layout-constrained wp-container-core-group-is-layout-be04af43 wp-block-group-is-layout-constrained\" id=\"sc-layout\" style=\"margin-top:0;margin-bottom:0\">\n<div class=\"wp-block-group has-global-padding is-layout-constrained wp-container-core-group-is-layout-704e782a wp-block-group-is-layout-constrained\">\n<h1 class=\"wp-block-heading has-text-align-left has-black-color has-text-color has-link-color has-headine-h-1-font-size wp-elements-897b586224a14dcc2bf8c00999fe6f11\">Tarifas Sociales para<br>colectivos vulnerables<\/h1>\n\n\n\n<div style=\"height:5px\" aria-hidden=\"true\" class=\"wp-block-spacer\"><\/div>\n\n\n\n<p class=\"has-text-align-left has-black-color has-text-color has-link-color has-xlarge-font-size wp-elements-654dcdf8cfc6135a7c05a094aeacba23\">Somos Conexi\u00f3n ofrece tarifas bonificadas para abordar la brecha digital<\/p>\n\n\n\n<div style=\"height:30px\" aria-hidden=\"true\" class=\"wp-block-spacer\"><\/div>\n\n\n\n<div class=\"wp-block-buttons is-content-justification-left is-layout-flex wp-container-core-buttons-is-layout-24a44033 wp-block-buttons-is-layout-flex\">\n<div class=\"wp-block-button is-style-fill\"><a class=\"wp-block-button__link has-white-color has-black-background-color has-text-color has-background has-link-color has-text-align-center wp-element-button\" href=\"#queson\">Qu\u00e9 son<\/a><\/div>\n\n\n\n<div class=\"wp-block-button is-style-outline is-style-outline--1\"><a class=\"wp-block-button__link has-black-color has-primary-background-color has-text-color has-background has-link-color has-text-align-center wp-element-button\" href=\"#solicitar\">Solicitar<\/a><\/div>\n<\/div>\n<\/div>\n\n\n\n<div style=\"height:60px\" aria-hidden=\"true\" class=\"wp-block-spacer\"><\/div>\n<\/div>\n\n\n\n<div class=\"wp-block-group alignfull is-style-show-tablet-desktop has-primary-background-color has-background has-global-padding is-content-justification-center is-layout-constrained wp-block-group-is-layout-constrained\">\n<figure class=\"wp-block-image alignfull size-full\"><img decoding=\"async\" src=\"https:\/\/somconnexio.coop\/wp-content\/uploads\/2025\/02\/internet-para-todxs.svg\" alt=\"\" class=\"wp-image-24271\"\/><\/figure>\n<\/div>\n\n\n\n<div class=\"wp-block-group alignfull is-style-show-mobile has-primary-background-color has-background has-global-padding is-content-justification-center is-layout-constrained wp-block-group-is-layout-constrained\">\n<figure class=\"wp-block-image alignfull size-full\"><img decoding=\"async\" src=\"https:\/\/somconnexio.coop\/wp-content\/uploads\/2025\/02\/internet-para-todos_responsive-1.svg\" alt=\"\" class=\"wp-image-24310\"\/><\/figure>\n<\/div>\n\n\n\n<div class=\"wp-block-group alignfull has-black-background-color has-background has-global-padding is-layout-constrained wp-block-group-is-layout-constrained\" id=\"queson\">\n<div style=\"height:40px\" aria-hidden=\"true\" class=\"wp-block-spacer\"><\/div>\n<\/div>\n\n\n\n<div class=\"wp-block-columns alignfull is-layout-flex wp-container-core-columns-is-layout-28f84493 wp-block-columns-is-layout-flex\" id=\"sc-layout-stretch\">\n<div class=\"wp-block-column is-layout-flow wp-block-column-is-layout-flow\">\n<div class=\"wp-block-group wp-container-content-0733e5d0 has-global-padding is-layout-constrained wp-block-group-is-layout-constrained\">\n<div class=\"wp-block-group alignwide wp-container-content-958eb9dc is-vertical is-content-justification-stretch is-layout-flex wp-container-core-group-is-layout-e9e70883 wp-block-group-is-layout-flex\">\n<div class=\"wp-block-group has-global-padding is-content-justification-left is-layout-constrained wp-container-core-group-is-layout-12dd3699 wp-block-group-is-layout-constrained\">\n<div class=\"wp-block-group has-global-padding is-content-justification-left is-layout-constrained wp-container-core-group-is-layout-12dd3699 wp-block-group-is-layout-constrained\">\n<h2 class=\"wp-block-heading has-text-align-left has-headine-h-2-font-size\">Qu\u00e9 son las Tarifas Sociales<\/h2>\n\n\n\n<p class=\"has-large-font-size\" style=\"font-style:normal;font-weight:400\">Las tarifas sociales son bonificaciones sobre los precios finales que ofrecemos, desde Somos Conexi\u00f3n, para facilitar el acceso al servicio de banda ancha (fibra) y m\u00f3vil <strong>a personas y unidades familiares en riesgo de exclusi\u00f3n<\/strong>. <\/p>\n\n\n\n<div style=\"height:5px\" aria-hidden=\"true\" class=\"wp-block-spacer\"><\/div>\n\n\n\n<p class=\"has-large-font-size\" style=\"font-style:normal;font-weight:400\">En Somos Conexi\u00f3n queremos construir escenarios transformadores donde el acceso a las telecomunicaciones sea inclusivo para todas las personas, sin distinci\u00f3n alguna. <\/p>\n\n\n\n<div style=\"height:5px\" aria-hidden=\"true\" class=\"wp-block-spacer\"><\/div>\n\n\n\n<p class=\"has-large-font-size\" style=\"font-style:normal;font-weight:400\"><strong>\u00c9stas bonificaciones son permanentes, y se ir\u00e1n actualizando anualmente<\/strong>, adapt\u00e1ndolas a la situaci\u00f3n personal de las beneficiarias.<\/p>\n<\/div>\n<\/div>\n<\/div>\n<\/div>\n<\/div>\n\n\n\n<div class=\"wp-block-column is-layout-flow wp-block-column-is-layout-flow\" style=\"padding-left:60px\" id=\"sc-column-text\">\n<div class=\"wp-block-columns is-layout-flex wp-container-core-columns-is-layout-28f84493 wp-block-columns-is-layout-flex\">\n<div class=\"wp-block-column is-layout-flow wp-block-column-is-layout-flow\" style=\"flex-basis:50%\">\n<div class=\"wp-block-group has-global-padding is-layout-constrained wp-block-group-is-layout-constrained\">\n<h4 class=\"wp-block-heading has-text-align-left has-headine-h-2-font-size\">Objetivo: reducir la brecha digital<\/h4>\n\n\n\n<p class=\"has-main-font-size\" style=\"font-style:normal;font-weight:400\">\u00c9sta es una iniciativa que tiene por objetivo reducir la brecha digital, una de las formas de desigualdad m\u00e1s invisibles y que, al mismo tiempo, m\u00e1s perpet\u00faa esta desigualdad. Si quieres saber un poco m\u00e1s sobre la brecha digital, te recomendamos el siguiente art\u00edculo:<\/p>\n\n\n\n<div style=\"height:30px\" aria-hidden=\"true\" class=\"wp-block-spacer\"><\/div>\n\n\n\n<p class=\"sc-link has-main-font-size\" style=\"font-style:normal;font-weight:600;text-decoration:underline\"><a href=\"https:\/\/somconnexio.coop\/es\/desconectados-el-impacto-de-la-brecha-digital\/\">Desconectados: el impacto de la brecha digital.<\/a><\/p>\n<\/div>\n<\/div>\n\n\n\n<div class=\"wp-block-column is-layout-flow wp-block-column-is-layout-flow\" style=\"padding-left:30px;flex-basis:50%\" id=\"sc-column-text\">\n<div class=\"wp-block-group has-global-padding is-layout-constrained wp-block-group-is-layout-constrained\">\n<h4 class=\"wp-block-heading has-text-align-left has-headine-h-2-font-size\">Bonos Digitales: en proceso<\/h4>\n\n\n\n<p class=\"has-main-font-size\" style=\"font-style:normal;font-weight:400\">Por otra parte, Somos Conexi\u00f3n est\u00e1 adherida al programa de Bonos Digitales, una ayuda oficial de \u00e1mbito auton\u00f3mico financiada con fondos de la Uni\u00f3n Europea. Esta iniciativa est\u00e1 en proceso de definici\u00f3n por parte de la Generalitat, y, por tanto, todav\u00eda no est\u00e1 disponible. Cuando lo est\u00e9, desde Somos Conexi\u00f3n la aplicarla a todas las personas que cumplan con los requisitos establecidos por la Generalitat.<\/p>\n<\/div>\n<\/div>\n<\/div>\n<\/div>\n<\/div>\n\n\n\n<div style=\"height:10px\" aria-hidden=\"true\" id=\"solicitar\" class=\"wp-block-spacer\"><\/div>\n\n\n\n<div class=\"wp-block-group alignfull has-global-padding is-layout-constrained wp-block-group-is-layout-constrained\" id=\"sc-layout\">\n<div class=\"wp-block-group alignfull has-global-padding is-content-justification-left is-layout-constrained wp-container-core-group-is-layout-abc5490a wp-block-group-is-layout-constrained has-background\" style=\"border-radius:16px;padding-top:60px;padding-right:60px;padding-bottom:60px;padding-left:60px;background-image:url(&#039;https:\/\/somconnexio.coop\/wp-content\/uploads\/2025\/01\/Element-5.png&#039;);background-size:cover;\">\n<p class=\"has-white-color has-text-color has-link-color has-main-font-size wp-elements-1de29c3ec8fc083a7049de65250cd206\" style=\"font-style:normal;font-weight:600\">Condiciones<\/p>\n\n\n\n<div style=\"height:20px\" aria-hidden=\"true\" class=\"wp-block-spacer\"><\/div>\n\n\n\n<h2 class=\"wp-block-heading has-white-color has-text-color has-link-color wp-elements-8785c5a7da4ad6aa7d22acf76cf73818\">\u00bfC\u00f3mo solicitar la tarifa social?<\/h2>\n\n\n\n<p class=\"has-white-color has-text-color has-link-color has-large-font-size wp-elements-4ba6b7f5300e1068a5ca058cd70e625a\">Puede solicitar una tarifa social cualquier persona o unidad familiar que se encuentre en una situaci\u00f3n de riesgo o de exclusi\u00f3n por razones socioecon\u00f3micas.<\/p>\n\n\n\n<p class=\"has-white-color has-text-color has-link-color has-main-font-size wp-elements-9945989b1998c5080cf6b18a292de674\">Para hacerlo, nos tienes que enviar un correo electr\u00f3nico a <mark style=\"background-color:rgba(0, 0, 0, 0)\" class=\"has-inline-color has-white-color\">info@somosconexion.coop<\/mark> con el asunto \u201cTARIFA REDUCIDA\u201d. En el correo tienes que indicar tus datos personales (nombre completo, DNI y tel\u00e9fono) y los datos de contacto de la entidad (nombre de la entidad, nombre de la persona de contacto, poblaci\u00f3n) que puede acreditar su situaci\u00f3n.<\/p>\n\n\n\n<p><mark style=\"background-color:#FFBC3F\" class=\"has-inline-color\">AVISO IMPORTANTE: desgraciadamente, este 2025 ya no podemos conceder m\u00e1s tarifas sociales, puesto que hemos finalizado el presupuesto destinado a este proyecto. Esperamos reactivarlo el 2026 con una dotaci\u00f3n mayor.<\/mark> <\/p>\n\n\n\n<p><\/p>\n\n\n\n<div style=\"height:30px\" aria-hidden=\"true\" class=\"wp-block-spacer\"><\/div>\n\n\n\n<div class=\"wp-block-buttons is-style-hidden is-layout-flex wp-block-buttons-is-layout-flex\">\n<div class=\"wp-block-button\"><a class=\"wp-block-button__link has-black-color has-white-background-color has-text-color has-background has-link-color wp-element-button\">Contactar<\/a><\/div>\n<\/div>\n<\/div>\n<\/div>\n\n\n\n<div class=\"wp-block-columns alignfull is-layout-flex wp-container-core-columns-is-layout-28f84493 wp-block-columns-is-layout-flex\" id=\"sc-layout\">\n<div class=\"wp-block-column is-layout-flow wp-block-column-is-layout-flow\" style=\"border-right-color:var(--wp--preset--color--alto);border-right-width:1px;padding-right:32px\" id=\"membrane-column\">\n<h4 class=\"wp-block-heading\">50% de descuento<\/h4>\n\n\n\n<p class=\"has-large-font-size\">Somos Conexi\u00f3n bonifica un 50% del PVP (precio de venta al p\u00fablico). Es decir, que los servicios bonificados salen a mitad de precio.<\/p>\n<\/div>\n\n\n\n<div class=\"wp-block-column is-layout-flow wp-block-column-is-layout-flow\" style=\"border-right-color:var(--wp--preset--color--alto);border-right-width:1px;padding-right:32px;padding-left:32px\" id=\"membrane-column\">\n<h4 class=\"wp-block-heading\">300Mb de banda ancha<\/h4>\n\n\n\n<p class=\"has-large-font-size\">En banda ancha, el servicio que bonifica Somos Conexi\u00f3n es la fibra de 300 Mb (sin fijo), un servicio \u00f3ptimo para el uso dom\u00e9stico.<\/p>\n<\/div>\n\n\n\n<div class=\"wp-block-column is-layout-flow wp-block-column-is-layout-flow\" style=\"padding-left:32px\" id=\"membrane-column\">\n<h4 class=\"wp-block-heading\">M\u00f3vil con llamadas ilimitadas y 5GB o m\u00e1s<\/h4>\n\n\n\n<p class=\"has-large-font-size\">En m\u00f3vil, se bonifican la tarifa de 5GB y superiores.<\/p>\n<\/div>\n<\/div>\n\n\n\n<div class=\"wp-block-columns alignfull is-layout-flex wp-container-core-columns-is-layout-28f84493 wp-block-columns-is-layout-flex\" id=\"sc-layout-stretch\">\n<div class=\"wp-block-column is-layout-flow wp-block-column-is-layout-flow\" style=\"flex-basis:50%\">\n<div class=\"wp-block-group wp-container-content-0733e5d0 has-global-padding is-layout-constrained wp-block-group-is-layout-constrained\">\n<div class=\"wp-block-group alignwide wp-container-content-958eb9dc is-vertical is-content-justification-stretch is-layout-flex wp-container-core-group-is-layout-e9e70883 wp-block-group-is-layout-flex\">\n<div class=\"wp-block-group has-global-padding is-content-justification-left is-layout-constrained wp-container-core-group-is-layout-12dd3699 wp-block-group-is-layout-constrained\">\n<div class=\"wp-block-group has-global-padding is-content-justification-left is-layout-constrained wp-container-core-group-is-layout-12dd3699 wp-block-group-is-layout-constrained\">\n<h2 class=\"wp-block-heading has-text-align-left has-headine-h-2-font-size\">\u00bfCu\u00e1nto cuestan?<\/h2>\n\n\n\n<p class=\"has-large-font-size\" style=\"font-style:normal;font-weight:400\">En la siguiente tabla encontrar\u00e1s los precios:<\/p>\n\n\n\n<div style=\"height:10px\" aria-hidden=\"true\" class=\"wp-block-spacer\"><\/div>\n\n\n\n<div class=\"wp-block-group has-tan-background-color has-background is-content-justification-left is-nowrap is-layout-flex wp-container-core-group-is-layout-dc2bbbb1 wp-block-group-is-layout-flex\" style=\"border-radius:16px;padding-top:8px;padding-right:16px;padding-bottom:8px;padding-left:16px\">\n<figure class=\"wp-block-image size-full is-resized wp-container-content-f2708022\"><img loading=\"lazy\" decoding=\"async\" width=\"16\" height=\"16\" src=\"https:\/\/somconnexio.coop\/wp-content\/uploads\/2025\/01\/Symbols-2.png\" alt=\"\" class=\"wp-image-22449\" style=\"object-fit:cover;width:16px;height:16px\"\/><\/figure>\n\n\n\n<p class=\"wp-container-content-d991fbac\" style=\"font-style:normal;font-weight:600\">Los precios son mensuales y con IVA incluido<\/p>\n<\/div>\n\n\n\n<div style=\"height:40px\" aria-hidden=\"true\" class=\"wp-block-spacer\"><\/div>\n\n\n\n<p style=\"font-size:14px\"><\/p>\n<\/div>\n<\/div>\n<\/div>\n<\/div>\n<\/div>\n\n\n\n<div class=\"wp-block-column is-layout-flow wp-block-column-is-layout-flow\" style=\"padding-left:24px;flex-basis:50%\" id=\"sc-column-text\">\n<figure class=\"wp-block-table is-style-regular\" style=\"margin-top:0;margin-bottom:0;line-height:2.5\"><table><thead><tr><th class=\"has-text-align-center\" data-align=\"center\">Servicio<\/th><th class=\"has-text-align-center\" data-align=\"center\">Tarifa estandard<\/th><th class=\"has-text-align-center\" data-align=\"center\">Tarifa social<\/th><\/tr><\/thead><tbody><tr><td class=\"has-text-align-center\" data-align=\"center\">Fibra 300Mb sin fijo<\/td><td class=\"has-text-align-center\" data-align=\"center\"><s>31,5\u20ac<\/s><\/td><td class=\"has-text-align-center\" data-align=\"center\"><strong>15,75\u20ac<\/strong><\/td><\/tr><tr><td class=\"has-text-align-center\" data-align=\"center\">Fibra 300Mb sin fijo + 1 m\u00f3vil 30GB<\/td><td class=\"has-text-align-center\" data-align=\"center\"><s>35,5\u20ac<\/s><\/td><td class=\"has-text-align-center\" data-align=\"center\"><strong>17,75\u20ac<\/strong><\/td><\/tr><tr><td class=\"has-text-align-center\" data-align=\"center\">Fibra 300Mb sin fijo + 2 m\u00f3viles 30GB<\/td><td class=\"has-text-align-center\" data-align=\"center\"><s>43,50\u20ac<\/s><\/td><td class=\"has-text-align-center\" data-align=\"center\"><strong>21,75\u20ac<\/strong><\/td><\/tr><tr><td class=\"has-text-align-center\" data-align=\"center\">Fibra 300Mb sin fijo + 3 m\u00f3viles 30GB<\/td><td class=\"has-text-align-center\" data-align=\"center\"><s>49,5\u20ac<\/s><\/td><td class=\"has-text-align-center\" data-align=\"center\"><strong>24,75\u20ac<\/strong><\/td><\/tr><tr><td class=\"has-text-align-center\" data-align=\"center\">Solo m\u00f3vil llamadas ilimitadas + 5GB<\/td><td class=\"has-text-align-center\" data-align=\"center\"><s>9\u20ac<\/s><\/td><td class=\"has-text-align-center\" data-align=\"center\"><strong>4,50\u20ac<\/strong><\/td><\/tr><tr><td class=\"has-text-align-center\" data-align=\"center\">Solo m\u00f3vil llamadas ilimitadas + 12GB<\/td><td class=\"has-text-align-center\" data-align=\"center\"><s>10,5\u20ac<\/s><\/td><td class=\"has-text-align-center\" data-align=\"center\"><strong>5,25\u20ac<\/strong><\/td><\/tr><tr><td class=\"has-text-align-center\" data-align=\"center\">Solo m\u00f3vil llamadas ilimitadas + 17GB<\/td><td class=\"has-text-align-center\" data-align=\"center\"><s>11,5\u20ac<\/s><\/td><td class=\"has-text-align-center\" data-align=\"center\"><strong>5,75\u20ac<\/strong><\/td><\/tr><tr><td class=\"has-text-align-center\" data-align=\"center\">Solo m\u00f3vil llamadas ilimitadas + 30GB<\/td><td class=\"has-text-align-center\" data-align=\"center\"><s>15\u20ac<\/s><\/td><td class=\"has-text-align-center\" data-align=\"center\"><strong>7,50\u20ac<\/strong><\/td><\/tr><tr><td class=\"has-text-align-center\" data-align=\"center\">Solo m\u00f3vil llamadas ilimitadas + 100GB<\/td><td class=\"has-text-align-center\" data-align=\"center\"><s>23\u20ac<\/s><\/td><td class=\"has-text-align-center\" data-align=\"center\"><strong>11,50\u20ac<\/strong><\/td><\/tr><tr><td class=\"has-text-align-center\" data-align=\"center\">Solo m\u00f3vil llamadas ilimitadas + 200GB<\/td><td class=\"has-text-align-center\" data-align=\"center\"><s>31,5\u20ac<\/s><\/td><td class=\"has-text-align-center\" data-align=\"center\"><strong>15,75\u20ac<\/strong><\/td><\/tr><\/tbody><\/table><\/figure>\n<\/div>\n<\/div>\n\n\n\n<div class=\"wp-block-group alignfull has-global-padding is-layout-constrained wp-block-group-is-layout-constrained\" id=\"sc-layout\">\n<h2 class=\"wp-block-heading has-text-align-center\">Preguntas frecuentes<\/h2>\n\n\n\n<div style=\"height:20px\" aria-hidden=\"true\" class=\"wp-block-spacer\"><\/div>\n\n\n\n<div class=\"wp-block-wpct-block-accordion alignfull wpct-block-accordion has-base-background-color has-background is-layout-flex wp-block-accordion-is-layout-flex\" id=\"community-internet\" data-animate=\"true\" data-collapsible=\"true\" data-event=\"click\" data-height=\"content\">\n<div class=\"wp-block-wpct-block-accordion-section wpct-block-accordion-section is-layout-flex wp-block-accordion-section-is-layout-flex\" style=\"border-radius:16px\">\n<div class=\"wp-block-group has-seashell-background-color has-background has-global-padding is-layout-constrained wp-block-group-is-layout-constrained\" style=\"border-radius:16px\">\n<div class=\"wp-block-group alignfull wpct-accordion-header has-seashell-background-color has-background has-global-padding is-layout-constrained wp-container-core-group-is-layout-7e9b7ed7 wp-block-group-is-layout-constrained\" style=\"padding-top:0;padding-right:56px;padding-bottom:0;padding-left:var(--wp--preset--spacing--70)\">\n<h3 class=\"wp-block-heading alignfull has-black-color has-text-color has-link-color wp-elements-292d88309a24e077bee796e8d0636663\">\u00bfCu\u00e1les son los criterios para acceder a las tarifas sociales?<\/h3>\n<\/div>\n\n\n\n<div class=\"wp-block-group alignfull wpct-accordion-content has-seashell-background-color has-background has-global-padding is-layout-constrained wp-container-core-group-is-layout-cc3be371 wp-block-group-is-layout-constrained\" style=\"padding-right:56px;padding-bottom:0;padding-left:var(--wp--preset--spacing--70)\">\n<div style=\"height:30px\" aria-hidden=\"true\" class=\"wp-block-spacer\"><\/div>\n\n\n\n<p style=\"margin-right:0px;margin-left:0px\">Puedes acceder a las tarifas sociales si te encuentras en una situaci\u00f3n de riesgo de exclusi\u00f3n social, y est\u00e1s siendo acompa\u00f1ada y asistida, en esta situaci\u00f3n, por alguna entidad (Servicios Sociales, Exo, etc.).<\/p>\n\n\n\n<div style=\"height:20px\" aria-hidden=\"true\" class=\"wp-block-spacer\"><\/div>\n\n\n\n<div class=\"wp-block-group alignfull is-nowrap is-layout-flex wp-container-core-group-is-layout-6c531013 wp-block-group-is-layout-flex\"><\/div>\n\n\n\n<div style=\"height:30px\" aria-hidden=\"true\" class=\"wp-block-spacer\"><\/div>\n<\/div>\n<\/div>\n<\/div>\n\n\n\n<div class=\"wp-block-wpct-block-accordion-section wpct-block-accordion-section is-layout-flex wp-block-accordion-section-is-layout-flex\" style=\"border-radius:16px\">\n<div class=\"wp-block-group has-seashell-background-color has-background has-global-padding is-layout-constrained wp-block-group-is-layout-constrained\" style=\"border-radius:16px\">\n<div class=\"wp-block-group alignfull wpct-accordion-header has-seashell-background-color has-background has-global-padding is-layout-constrained wp-container-core-group-is-layout-7e9b7ed7 wp-block-group-is-layout-constrained\" style=\"padding-top:0;padding-right:56px;padding-bottom:0;padding-left:var(--wp--preset--spacing--70)\">\n<h3 class=\"wp-block-heading alignfull has-black-color has-text-color has-link-color wp-elements-28ee9ab57d8f8a9e8550132bf14a06fc\">\u00bfQu\u00e9 debe hacer para solicitar las tarifas sociales?<\/h3>\n<\/div>\n\n\n\n<div class=\"wp-block-group alignfull wpct-accordion-content has-seashell-background-color has-background has-global-padding is-layout-constrained wp-container-core-group-is-layout-cc3be371 wp-block-group-is-layout-constrained\" style=\"padding-right:56px;padding-bottom:0;padding-left:var(--wp--preset--spacing--70)\">\n<div style=\"height:30px\" aria-hidden=\"true\" class=\"wp-block-spacer\"><\/div>\n\n\n\n<p style=\"margin-right:0px;margin-left:0px\">Nos has de enviar un correo a info@somconnexio.coop con el asunto \u201cTARIFA REDUCIDA\u201d. En el correo debes indicar&nbsp;<strong>tus datos personales<\/strong>&nbsp;(nombre completo, DNI y tel\u00e9fono) y&nbsp;<strong>los datos de contacto de la entidad<\/strong>&nbsp;(nombre de la entidad, nombre de la persona de contacto, poblaci\u00f3n) que puede acreditar su situaci\u00f3n.<\/p>\n\n\n\n<div style=\"height:20px\" aria-hidden=\"true\" class=\"wp-block-spacer\"><\/div>\n\n\n\n<div class=\"wp-block-group alignfull is-nowrap is-layout-flex wp-container-core-group-is-layout-6c531013 wp-block-group-is-layout-flex\"><\/div>\n\n\n\n<div style=\"height:30px\" aria-hidden=\"true\" class=\"wp-block-spacer\"><\/div>\n<\/div>\n<\/div>\n<\/div>\n\n\n\n<div class=\"wp-block-wpct-block-accordion-section wpct-block-accordion-section is-layout-flex wp-block-accordion-section-is-layout-flex\" style=\"border-radius:16px\">\n<div class=\"wp-block-group has-seashell-background-color has-background has-global-padding is-layout-constrained wp-block-group-is-layout-constrained\" style=\"border-radius:16px\">\n<div class=\"wp-block-group alignfull wpct-accordion-header has-seashell-background-color has-background has-global-padding is-layout-constrained wp-container-core-group-is-layout-7e9b7ed7 wp-block-group-is-layout-constrained\" style=\"padding-top:0;padding-right:56px;padding-bottom:0;padding-left:var(--wp--preset--spacing--70)\">\n<h3 class=\"wp-block-heading alignfull has-black-color has-text-color has-link-color wp-elements-e91996d397d1afeac8153581c5333f0d\">Si cumplo los requisitos, \u00bfC\u00f3mo lo hago para contratar?<\/h3>\n<\/div>\n\n\n\n<div class=\"wp-block-group alignfull wpct-accordion-content has-seashell-background-color has-background has-global-padding is-layout-constrained wp-container-core-group-is-layout-cc3be371 wp-block-group-is-layout-constrained\" style=\"padding-right:56px;padding-bottom:0;padding-left:var(--wp--preset--spacing--70)\">\n<div style=\"height:30px\" aria-hidden=\"true\" class=\"wp-block-spacer\"><\/div>\n\n\n\n<p>Una vez confirmado con la entidad que te podemos aplicar la tarifa social, te pediremos la informaci\u00f3n para poder proceder a la instalaci\u00f3n de la fibra (direcci\u00f3n de instalaci\u00f3n, tel\u00e9fono de contacto, etc.) y te explicaremos los pasos a seguir.<\/p>\n\n\n\n<div style=\"height:20px\" aria-hidden=\"true\" class=\"wp-block-spacer\"><\/div>\n\n\n\n<div style=\"height:20px\" aria-hidden=\"true\" class=\"wp-block-spacer\"><\/div>\n\n\n\n<div class=\"wp-block-group alignfull is-nowrap is-layout-flex wp-container-core-group-is-layout-6c531013 wp-block-group-is-layout-flex\"><\/div>\n\n\n\n<div style=\"height:30px\" aria-hidden=\"true\" class=\"wp-block-spacer\"><\/div>\n<\/div>\n<\/div>\n<\/div>\n\n\n\n<div class=\"wp-block-wpct-block-accordion-section wpct-block-accordion-section is-layout-flex wp-block-accordion-section-is-layout-flex\" style=\"border-radius:16px\">\n<div class=\"wp-block-group has-seashell-background-color has-background has-global-padding is-layout-constrained wp-block-group-is-layout-constrained\" style=\"border-radius:16px\">\n<div class=\"wp-block-group alignfull wpct-accordion-header has-seashell-background-color has-background has-global-padding is-layout-constrained wp-container-core-group-is-layout-7e9b7ed7 wp-block-group-is-layout-constrained\" style=\"padding-top:0;padding-right:56px;padding-bottom:0;padding-left:var(--wp--preset--spacing--70)\">\n<h3 class=\"wp-block-heading alignfull has-black-color has-text-color has-link-color wp-elements-1145f90fa4720ed8aa26d793c45d967f\">\u00bfPuedo solicitar otras velocidades de fibra?<\/h3>\n<\/div>\n\n\n\n<div class=\"wp-block-group alignfull wpct-accordion-content has-seashell-background-color has-background has-global-padding is-layout-constrained wp-container-core-group-is-layout-cc3be371 wp-block-group-is-layout-constrained\" style=\"padding-right:56px;padding-bottom:0;padding-left:var(--wp--preset--spacing--70)\">\n<div style=\"height:30px\" aria-hidden=\"true\" class=\"wp-block-spacer\"><\/div>\n\n\n\n<p>No. La tarifa social s\u00f3lo cubre la conexi\u00f3n de fibra 300 Mb sin fijo. De todas formas, esta conexi\u00f3n es m\u00e1s que suficiente para el uso dom\u00e9stico.<\/p>\n\n\n\n<div style=\"height:20px\" aria-hidden=\"true\" class=\"wp-block-spacer\"><\/div>\n\n\n\n<div style=\"height:20px\" aria-hidden=\"true\" class=\"wp-block-spacer\"><\/div>\n\n\n\n<div class=\"wp-block-group alignfull is-nowrap is-layout-flex wp-container-core-group-is-layout-6c531013 wp-block-group-is-layout-flex\"><\/div>\n\n\n\n<div style=\"height:30px\" aria-hidden=\"true\" class=\"wp-block-spacer\"><\/div>\n<\/div>\n<\/div>\n<\/div>\n<\/div>\n<\/div>\n\n\n\n<p><\/p>\n","protected":false},"excerpt":{"rendered":"<p>Tarifas Sociales paracolectivos vulnerables Somos Conexi\u00f3n ofrece tarifas bonificadas para abordar la brecha digital Qu\u00e9 son las Tarifas Sociales Las tarifas sociales son bonificaciones sobre los precios finales que ofrecemos, desde Somos Conexi\u00f3n, para facilitar el acceso al servicio de banda ancha (fibra) y m\u00f3vil a personas y unidades familiares en riesgo de exclusi\u00f3n. En [&hellip;]<\/p>\n","protected":false},"author":11,"featured_media":0,"parent":0,"menu_order":0,"comment_status":"closed","ping_status":"closed","template":"","meta":{"footnotes":""},"class_list":["post-22557","page","type-page","status-publish","hentry"],"yoast_head":"<!-- This site is optimized with the Yoast SEO plugin v25.1 - https:\/\/yoast.com\/wordpress\/plugins\/seo\/ -->\n<title>Brecha digital - Somos Conexi\u00f3n<\/title>\n<meta name=\"robots\" content=\"index, follow, max-snippet:-1, max-image-preview:large, max-video-preview:-1\" \/>\n<link rel=\"canonical\" href=\"https:\/\/somconnexio.coop\/es\/brecha-digital\/\" \/>\n<meta property=\"og:locale\" content=\"es_ES\" \/>\n<meta property=\"og:type\" content=\"article\" \/>\n<meta property=\"og:title\" content=\"Brecha digital - Somos Conexi\u00f3n\" \/>\n<meta property=\"og:description\" content=\"Tarifas Sociales paracolectivos vulnerables Somos Conexi\u00f3n ofrece tarifas bonificadas para abordar la brecha digital Qu\u00e9 son las Tarifas Sociales Las tarifas sociales son bonificaciones sobre los precios finales que ofrecemos, desde Somos Conexi\u00f3n, para facilitar el acceso al servicio de banda ancha (fibra) y m\u00f3vil a personas y unidades familiares en riesgo de exclusi\u00f3n. En [&hellip;]\" \/>\n<meta property=\"og:url\" content=\"https:\/\/somconnexio.coop\/es\/brecha-digital\/\" \/>\n<meta property=\"og:site_name\" content=\"Somos Conexi\u00f3n\" \/>\n<meta property=\"article:modified_time\" content=\"2025-09-09T09:42:58+00:00\" \/>\n<meta name=\"twitter:card\" content=\"summary_large_image\" \/>\n<meta name=\"twitter:label1\" content=\"Tiempo de lectura\" \/>\n\t<meta name=\"twitter:data1\" content=\"4 minutos\" \/>\n<script type=\"application\/ld+json\" class=\"yoast-schema-graph\">{\"@context\":\"https:\/\/schema.org\",\"@graph\":[{\"@type\":\"WebPage\",\"@id\":\"https:\/\/somconnexio.coop\/es\/brecha-digital\/\",\"url\":\"https:\/\/somconnexio.coop\/es\/brecha-digital\/\",\"name\":\"Brecha digital - Somos Conexi\u00f3n\",\"isPartOf\":{\"@id\":\"https:\/\/somconnexio.coop\/#website\"},\"primaryImageOfPage\":{\"@id\":\"https:\/\/somconnexio.coop\/es\/brecha-digital\/#primaryimage\"},\"image\":{\"@id\":\"https:\/\/somconnexio.coop\/es\/brecha-digital\/#primaryimage\"},\"thumbnailUrl\":\"https:\/\/somconnexio.coop\/wp-content\/uploads\/2025\/02\/internet-para-todxs.svg\",\"datePublished\":\"2025-01-13T12:26:42+00:00\",\"dateModified\":\"2025-09-09T09:42:58+00:00\",\"breadcrumb\":{\"@id\":\"https:\/\/somconnexio.coop\/es\/brecha-digital\/#breadcrumb\"},\"inLanguage\":\"es\",\"potentialAction\":[{\"@type\":\"ReadAction\",\"target\":[\"https:\/\/somconnexio.coop\/es\/brecha-digital\/\"]}]},{\"@type\":\"ImageObject\",\"inLanguage\":\"es\",\"@id\":\"https:\/\/somconnexio.coop\/es\/brecha-digital\/#primaryimage\",\"url\":\"https:\/\/somconnexio.coop\/wp-content\/uploads\/2025\/02\/internet-para-todxs.svg\",\"contentUrl\":\"https:\/\/somconnexio.coop\/wp-content\/uploads\/2025\/02\/internet-para-todxs.svg\"},{\"@type\":\"BreadcrumbList\",\"@id\":\"https:\/\/somconnexio.coop\/es\/brecha-digital\/#breadcrumb\",\"itemListElement\":[{\"@type\":\"ListItem\",\"position\":1,\"name\":\"Portada\",\"item\":\"https:\/\/somconnexio.coop\/es\/\"},{\"@type\":\"ListItem\",\"position\":2,\"name\":\"Brecha digital\"}]},{\"@type\":\"WebSite\",\"@id\":\"https:\/\/somconnexio.coop\/#website\",\"url\":\"https:\/\/somconnexio.coop\/\",\"name\":\"Somos Conexi\u00f3n\",\"description\":\"la 1a cooperativa de telefon\u00eda e internet\",\"potentialAction\":[{\"@type\":\"SearchAction\",\"target\":{\"@type\":\"EntryPoint\",\"urlTemplate\":\"https:\/\/somconnexio.coop\/?s={search_term_string}\"},\"query-input\":{\"@type\":\"PropertyValueSpecification\",\"valueRequired\":true,\"valueName\":\"search_term_string\"}}],\"inLanguage\":\"es\"}]}<\/script>\n<!-- \/ Yoast SEO plugin. -->","yoast_head_json":{"title":"Brecha digital - Somos Conexi\u00f3n","robots":{"index":"index","follow":"follow","max-snippet":"max-snippet:-1","max-image-preview":"max-image-preview:large","max-video-preview":"max-video-preview:-1"},"canonical":"https:\/\/somconnexio.coop\/es\/brecha-digital\/","og_locale":"es_ES","og_type":"article","og_title":"Brecha digital - Somos Conexi\u00f3n","og_description":"Tarifas Sociales paracolectivos vulnerables Somos Conexi\u00f3n ofrece tarifas bonificadas para abordar la brecha digital Qu\u00e9 son las Tarifas Sociales Las tarifas sociales son bonificaciones sobre los precios finales que ofrecemos, desde Somos Conexi\u00f3n, para facilitar el acceso al servicio de banda ancha (fibra) y m\u00f3vil a personas y unidades familiares en riesgo de exclusi\u00f3n. En [&hellip;]","og_url":"https:\/\/somconnexio.coop\/es\/brecha-digital\/","og_site_name":"Somos Conexi\u00f3n","article_modified_time":"2025-09-09T09:42:58+00:00","twitter_card":"summary_large_image","twitter_misc":{"Tiempo de lectura":"4 minutos"},"schema":{"@context":"https:\/\/schema.org","@graph":[{"@type":"WebPage","@id":"https:\/\/somconnexio.coop\/es\/brecha-digital\/","url":"https:\/\/somconnexio.coop\/es\/brecha-digital\/","name":"Brecha digital - Somos Conexi\u00f3n","isPartOf":{"@id":"https:\/\/somconnexio.coop\/#website"},"primaryImageOfPage":{"@id":"https:\/\/somconnexio.coop\/es\/brecha-digital\/#primaryimage"},"image":{"@id":"https:\/\/somconnexio.coop\/es\/brecha-digital\/#primaryimage"},"thumbnailUrl":"https:\/\/somconnexio.coop\/wp-content\/uploads\/2025\/02\/internet-para-todxs.svg","datePublished":"2025-01-13T12:26:42+00:00","dateModified":"2025-09-09T09:42:58+00:00","breadcrumb":{"@id":"https:\/\/somconnexio.coop\/es\/brecha-digital\/#breadcrumb"},"inLanguage":"es","potentialAction":[{"@type":"ReadAction","target":["https:\/\/somconnexio.coop\/es\/brecha-digital\/"]}]},{"@type":"ImageObject","inLanguage":"es","@id":"https:\/\/somconnexio.coop\/es\/brecha-digital\/#primaryimage","url":"https:\/\/somconnexio.coop\/wp-content\/uploads\/2025\/02\/internet-para-todxs.svg","contentUrl":"https:\/\/somconnexio.coop\/wp-content\/uploads\/2025\/02\/internet-para-todxs.svg"},{"@type":"BreadcrumbList","@id":"https:\/\/somconnexio.coop\/es\/brecha-digital\/#breadcrumb","itemListElement":[{"@type":"ListItem","position":1,"name":"Portada","item":"https:\/\/somconnexio.coop\/es\/"},{"@type":"ListItem","position":2,"name":"Brecha digital"}]},{"@type":"WebSite","@id":"https:\/\/somconnexio.coop\/#website","url":"https:\/\/somconnexio.coop\/","name":"Somos Conexi\u00f3n","description":"la 1a cooperativa de telefon\u00eda e internet","potentialAction":[{"@type":"SearchAction","target":{"@type":"EntryPoint","urlTemplate":"https:\/\/somconnexio.coop\/?s={search_term_string}"},"query-input":{"@type":"PropertyValueSpecification","valueRequired":true,"valueName":"search_term_string"}}],"inLanguage":"es"}]}},"_links":{"self":[{"href":"https:\/\/somconnexio.coop\/es\/wp-json\/wp\/v2\/pages\/22557","targetHints":{"allow":["GET"]}}],"collection":[{"href":"https:\/\/somconnexio.coop\/es\/wp-json\/wp\/v2\/pages"}],"about":[{"href":"https:\/\/somconnexio.coop\/es\/wp-json\/wp\/v2\/types\/page"}],"author":[{"embeddable":true,"href":"https:\/\/somconnexio.coop\/es\/wp-json\/wp\/v2\/users\/11"}],"replies":[{"embeddable":true,"href":"https:\/\/somconnexio.coop\/es\/wp-json\/wp\/v2\/comments?post=22557"}],"version-history":[{"count":63,"href":"https:\/\/somconnexio.coop\/es\/wp-json\/wp\/v2\/pages\/22557\/revisions"}],"predecessor-version":[{"id":27223,"href":"https:\/\/somconnexio.coop\/es\/wp-json\/wp\/v2\/pages\/22557\/revisions\/27223"}],"wp:attachment":[{"href":"https:\/\/somconnexio.coop\/es\/wp-json\/wp\/v2\/media?parent=22557"}],"curies":[{"name":"wp","href":"https:\/\/api.w.org\/{rel}","templated":true}]}}