  {"id":26460,"date":"2025-07-03T12:01:07","date_gmt":"2025-07-03T10:01:07","guid":{"rendered":"https:\/\/somconnexio.coop\/?page_id=26460"},"modified":"2025-07-03T13:13:29","modified_gmt":"2025-07-03T11:13:29","slug":"politica-privacidad","status":"publish","type":"page","link":"https:\/\/somconnexio.coop\/es\/politica-privacidad\/","title":{"rendered":"Pol\u00edtica de privacidad"},"content":{"rendered":"\n<div class=\"wp-block-group alignfull has-seashell-background-color has-background has-global-padding is-layout-constrained wp-block-group-is-layout-constrained\" id=\"sc-layout\">\n<div class=\"wp-block-group has-global-padding is-layout-constrained wp-container-core-group-is-layout-73405a87 wp-block-group-is-layout-constrained\">\n<h1 class=\"wp-block-heading\">Pol\u00edtica de privacidad<\/h1>\n\n\n\n<p><strong>1. \u00bfQui\u00e9n trata tus datos personales?<\/strong><\/p>\n\n\n\n<p>Responsable del tratamiento: SOM CONNEXI\u00d3, S.C.C.L.<br>NIF: F66380676<br>Domilicilio: Riu Llobregat, 47, bajos (El Prat del Llobregat \u2013Barcelona)<br>Tel. 931311728<br>E-mail: info@somosconexion.coop<br>Contacto de la persona delegada de protecci\u00f3n de datos: rgpd@somconnexio.coop<\/p>\n\n\n\n<p><strong>2. \u00bfCon qu\u00e9 finalidad tratamos tus datos personales?<\/strong><\/p>\n\n\n\n<p>A) Para prestar nuestros servicios de telefon\u00eda m\u00f3vil e Internet<br>B) Para gestionar las consultas que se vehiculen por tel\u00e9fono y\/o correo electr\u00f3nico.<br>C) Para permitir a los socios de la cooperativa ejercer sus derechos pol\u00edticos (convocatorias de asambleas generales, procesos participativos\u2026).<br>D) Para informar a nuestros clientes de nuevos productos o nuevas tarifas que puedan ser de su inter\u00e9s (finalidad comercial)<br>E) Para comunicar lo que hace la cooperativa u otras entidades y organismos y que consideramos de inter\u00e9s para el usuario (art\u00edculos, eventos, cambios legislativos\u2026).<br>F) Si te has dado de alta en modalidad apadrinado\/a, la persona que has indicado como madrina en el formulario de contrataci\u00f3n podr\u00e1 ver tu nombre y primer apellido en su \u00e1rea de usuario\/a de la oficina virtual .<\/p>\n\n\n\n<p><strong>3. \u00bfQu\u00e9 canales utilizamos para recopilar los datos personales objeto del tratamiento?<\/strong><\/p>\n\n\n\n<p>Principalmente recopilamos los datos personales mediante nuestros canales de contacto: p\u00e1gina web, tel\u00e9fono, direcci\u00f3n electr\u00f3nica, perfiles en redes sociales.<\/p>\n\n\n\n<p><strong>4. \u00bfCu\u00e1les son las bases que legitiman los tratamientos de datos?<\/strong><\/p>\n\n\n\n<ul class=\"wp-block-list\">\n<li>Para las finalidades A), B) y C) ejecutar el contrato de prestaci\u00f3n de servicios y\/o de socio, o llevar a cabo las medidas precontractuales necesarias para poder informarte y\/o prestarte nuestros servicios en un futuro.<\/li>\n\n\n\n<li>Para las finalidades D), E) y F): tu consentimiento a la pol\u00edtica de privacidad en el momento de realizar la petici\u00f3n de servicio y\/o de alta de socio.<\/li>\n<\/ul>\n\n\n\n<p><strong>5. \u00bfQui\u00e9nes son los destinatarios de tus datos personales?<\/strong><\/p>\n\n\n\n<p>Tus datos se comunicar\u00e1n a:<br>\u2013 Organismos p\u00fablicos competentes y entidades privadas que contratamos para dar cumplimiento a las obligaciones fiscales y administrativas<br>\u2013 Otras entidades que contratamos para poder prestarte nuestros servicios y que act\u00faan como encargados del tratamiento<br>-Los agentes facultados en lo relativo a la comunicaci\u00f3n de informaci\u00f3n de conformidad con la Ley 25\/2007, de 18 de octubre, de conservaci\u00f3n de datos relativos a las comunicaciones electr\u00f3nicas y a las redes p\u00fablicas de comunicaciones.<\/p>\n\n\n\n<p><strong>6.&nbsp;\u00bfDurante cu\u00e1nto tiempo se conservar\u00e1n los datos personales?<\/strong><\/p>\n\n\n\n<ul class=\"wp-block-list\">\n<li>Para la finalidad A) y C): los datos se conservar\u00e1n durante el plazo de 6 a\u00f1os para el cumplimiento de las obligaciones y responsabilidades fiscales y administrativas que se deriven de la prestaci\u00f3n del servicio, as\u00ed como durante el plazo que prev\u00e9 la normativa vigente para que podamos hacer frente al ejercicio y defensa de reclamaciones.<\/li>\n\n\n\n<li>Para las finalidades B), D), E) y F): los datos se conservar\u00e1n durante el plazo de 12 meses de conformidad con la Ley 25\/2007, de 18 de octubre, de conservaci\u00f3n de datos relativos a las comunicaciones electr\u00f3nicas y a las redes p\u00fablicas de comunicaciones.<\/li>\n<\/ul>\n\n\n\n<p><strong>7. \u00bfQu\u00e9 derechos tienes sobre la protecci\u00f3n de tus datos?<\/strong><\/p>\n\n\n\n<p>Puedes ejercer tus derechos de acceso, rectificaci\u00f3n, supresi\u00f3n, limitaci\u00f3n y oposici\u00f3n al tratamiento de tus datos personales, as\u00ed como la portabilidad de las mismas, en la forma prevista en la normativa vigente ante SOM CONNEXI\u00d3, S.C.C.L. en c \/ Riu Llobregat, 47, bajos (El Prat del Llobregat -Barcelona) o bien a info@somosconexion.coop. Tambi\u00e9n puedes acudir a la autoridad de control competente y presentar una reclamaci\u00f3n si consideras que tu solicitud de ejercicio de estos derechos no se ha atendido debidamente. Adem\u00e1s, puedes revocar en cualquier momento el consentimiento que has prestado.<\/p>\n\n\n\n<p><strong>8. Descripci\u00f3n general de las medidas de seguridad que implementamos<\/strong><\/p>\n\n\n\n<p>Implementamos las medidas t\u00e9cnicas y organizativas necesarias para garantizar la confidencialidad, integridad, disponibilidad y restauraci\u00f3n de los datos personales.<\/p>\n\n\n\n<p><strong>9. Informaci\u00f3n sobre las transferencias internacionales de datos<\/strong><\/p>\n\n\n\n<p>No realizamos transferencias internacionales de datos.<\/p>\n\n\n\n<p><strong>10. Informaci\u00f3n sobre las decisiones automatizadas y la elaboraci\u00f3n de perfiles<\/strong><\/p>\n\n\n\n<p>No tomamos decisiones automatizadas ni elaboramos perfiles.<\/p>\n\n\n\n<p><strong>11. Comunicaci\u00f3n de datos a las autoridades competentes para la investigaci\u00f3n de il\u00edcitos penales<\/strong><\/p>\n\n\n\n<p>La informaci\u00f3n que se genere o se trate en el marco de la prestaci\u00f3n de nuestros servicios se facilitar\u00e1 a los agentes facultados en los supuestos y siguiendo el procedimiento que prev\u00e9 la Ley 25\/2007, de 18 de octubre, de conservaci\u00f3n de datos relativos a las comunicaciones electr\u00f3nicas y a las redes p\u00fablicas de comunicaciones, as\u00ed como de acuerdo con la normativa concordante.<\/p>\n\n\n\n<p><strong>12. Informaci\u00f3n adicional<\/strong><\/p>\n\n\n\n<p>Es importante que nos facilites datos veraces y actualizados para que podamos seguir garantizando la prestaci\u00f3n de nuestros servicios.<\/p>\n\n\n\n<p><strong>13. Reserva de derechos<\/strong><\/p>\n\n\n\n<p>Nos reservamos el derecho de modificar esta pol\u00edtica de privacidad en cualquier momento o cuando la normativa vigente lo exija. Por este motivo cons\u00faltala reglamente y\/o cada vez que accedas a nuestra p\u00e1gina web.<\/p>\n\n\n\n<p>Esta pol\u00edtica de privacidad se ha modificado por \u00faltima vez el d\u00eda 13 de octubre del 2022.<\/p>\n<\/div>\n<\/div>\n\n\n\n<div class=\"wp-block-group alignfull has-seashell-background-color has-background has-global-padding is-layout-constrained wp-block-group-is-layout-constrained\">\n<figure class=\"wp-block-image alignfull size-full\"><img loading=\"lazy\" decoding=\"async\" width=\"1440\" height=\"466\" src=\"https:\/\/somconnexio.coop\/wp-content\/uploads\/2025\/01\/illustrated-footers.png\" alt=\"\" class=\"wp-image-22390\" srcset=\"https:\/\/somconnexio.coop\/wp-content\/uploads\/2025\/01\/illustrated-footers.png 1440w, https:\/\/somconnexio.coop\/wp-content\/uploads\/2025\/01\/illustrated-footers-300x97.png 300w, https:\/\/somconnexio.coop\/wp-content\/uploads\/2025\/01\/illustrated-footers-1024x331.png 1024w, https:\/\/somconnexio.coop\/wp-content\/uploads\/2025\/01\/illustrated-footers-768x249.png 768w\" sizes=\"auto, (max-width: 1440px) 100vw, 1440px\" \/><\/figure>\n<\/div>\n","protected":false},"excerpt":{"rendered":"<p>Pol\u00edtica de privacidad 1. \u00bfQui\u00e9n trata tus datos personales? Responsable del tratamiento: SOM CONNEXI\u00d3, S.C.C.L.NIF: F66380676Domilicilio: Riu Llobregat, 47, bajos (El Prat del Llobregat \u2013Barcelona)Tel. 931311728E-mail: info@somosconexion.coopContacto de la persona delegada de protecci\u00f3n de datos: rgpd@somconnexio.coop 2. \u00bfCon qu\u00e9 finalidad tratamos tus datos personales? A) Para prestar nuestros servicios de telefon\u00eda m\u00f3vil e InternetB) Para [&hellip;]<\/p>\n","protected":false},"author":1,"featured_media":0,"parent":0,"menu_order":0,"comment_status":"closed","ping_status":"closed","template":"","meta":{"footnotes":""},"class_list":["post-26460","page","type-page","status-publish","hentry"],"yoast_head":"<!-- This site is optimized with the Yoast SEO plugin v25.1 - https:\/\/yoast.com\/wordpress\/plugins\/seo\/ -->\n<title>Pol\u00edtica de privacidad - Somos Conexi\u00f3n<\/title>\n<meta name=\"robots\" content=\"index, follow, max-snippet:-1, max-image-preview:large, max-video-preview:-1\" \/>\n<link rel=\"canonical\" href=\"https:\/\/somconnexio.coop\/es\/politica-privacidad\/\" \/>\n<meta property=\"og:locale\" content=\"es_ES\" \/>\n<meta property=\"og:type\" content=\"article\" \/>\n<meta property=\"og:title\" content=\"Pol\u00edtica de privacidad - Somos Conexi\u00f3n\" \/>\n<meta property=\"og:description\" content=\"Pol\u00edtica de privacidad 1. \u00bfQui\u00e9n trata tus datos personales? Responsable del tratamiento: SOM CONNEXI\u00d3, S.C.C.L.NIF: F66380676Domilicilio: Riu Llobregat, 47, bajos (El Prat del Llobregat \u2013Barcelona)Tel. 931311728E-mail: info@somosconexion.coopContacto de la persona delegada de protecci\u00f3n de datos: rgpd@somconnexio.coop 2. \u00bfCon qu\u00e9 finalidad tratamos tus datos personales? A) Para prestar nuestros servicios de telefon\u00eda m\u00f3vil e InternetB) Para [&hellip;]\" \/>\n<meta property=\"og:url\" content=\"https:\/\/somconnexio.coop\/es\/politica-privacidad\/\" \/>\n<meta property=\"og:site_name\" content=\"Somos Conexi\u00f3n\" \/>\n<meta property=\"article:modified_time\" content=\"2025-07-03T11:13:29+00:00\" \/>\n<meta property=\"og:image\" content=\"https:\/\/somconnexio.coop\/wp-content\/uploads\/2025\/01\/illustrated-footers.png\" \/>\n\t<meta property=\"og:image:width\" content=\"1440\" \/>\n\t<meta property=\"og:image:height\" content=\"466\" \/>\n\t<meta property=\"og:image:type\" content=\"image\/png\" \/>\n<meta name=\"twitter:card\" content=\"summary_large_image\" \/>\n<meta name=\"twitter:label1\" content=\"Tiempo de lectura\" \/>\n\t<meta name=\"twitter:data1\" content=\"4 minutos\" \/>\n<script type=\"application\/ld+json\" class=\"yoast-schema-graph\">{\"@context\":\"https:\/\/schema.org\",\"@graph\":[{\"@type\":\"WebPage\",\"@id\":\"https:\/\/somconnexio.coop\/es\/politica-privacidad\/\",\"url\":\"https:\/\/somconnexio.coop\/es\/politica-privacidad\/\",\"name\":\"Pol\u00edtica de privacidad - Somos Conexi\u00f3n\",\"isPartOf\":{\"@id\":\"https:\/\/somconnexio.coop\/#website\"},\"primaryImageOfPage\":{\"@id\":\"https:\/\/somconnexio.coop\/es\/politica-privacidad\/#primaryimage\"},\"image\":{\"@id\":\"https:\/\/somconnexio.coop\/es\/politica-privacidad\/#primaryimage\"},\"thumbnailUrl\":\"https:\/\/somconnexio.coop\/wp-content\/uploads\/2025\/01\/illustrated-footers.png\",\"datePublished\":\"2025-07-03T10:01:07+00:00\",\"dateModified\":\"2025-07-03T11:13:29+00:00\",\"breadcrumb\":{\"@id\":\"https:\/\/somconnexio.coop\/es\/politica-privacidad\/#breadcrumb\"},\"inLanguage\":\"es\",\"potentialAction\":[{\"@type\":\"ReadAction\",\"target\":[\"https:\/\/somconnexio.coop\/es\/politica-privacidad\/\"]}]},{\"@type\":\"ImageObject\",\"inLanguage\":\"es\",\"@id\":\"https:\/\/somconnexio.coop\/es\/politica-privacidad\/#primaryimage\",\"url\":\"https:\/\/somconnexio.coop\/wp-content\/uploads\/2025\/01\/illustrated-footers.png\",\"contentUrl\":\"https:\/\/somconnexio.coop\/wp-content\/uploads\/2025\/01\/illustrated-footers.png\"},{\"@type\":\"BreadcrumbList\",\"@id\":\"https:\/\/somconnexio.coop\/es\/politica-privacidad\/#breadcrumb\",\"itemListElement\":[{\"@type\":\"ListItem\",\"position\":1,\"name\":\"Portada\",\"item\":\"https:\/\/somconnexio.coop\/es\/\"},{\"@type\":\"ListItem\",\"position\":2,\"name\":\"Pol\u00edtica de privacidad\"}]},{\"@type\":\"WebSite\",\"@id\":\"https:\/\/somconnexio.coop\/#website\",\"url\":\"https:\/\/somconnexio.coop\/\",\"name\":\"Somos Conexi\u00f3n\",\"description\":\"la 1a cooperativa de telefon\u00eda e internet\",\"potentialAction\":[{\"@type\":\"SearchAction\",\"target\":{\"@type\":\"EntryPoint\",\"urlTemplate\":\"https:\/\/somconnexio.coop\/?s={search_term_string}\"},\"query-input\":{\"@type\":\"PropertyValueSpecification\",\"valueRequired\":true,\"valueName\":\"search_term_string\"}}],\"inLanguage\":\"es\"}]}<\/script>\n<!-- \/ Yoast SEO plugin. -->","yoast_head_json":{"title":"Pol\u00edtica de privacidad - Somos Conexi\u00f3n","robots":{"index":"index","follow":"follow","max-snippet":"max-snippet:-1","max-image-preview":"max-image-preview:large","max-video-preview":"max-video-preview:-1"},"canonical":"https:\/\/somconnexio.coop\/es\/politica-privacidad\/","og_locale":"es_ES","og_type":"article","og_title":"Pol\u00edtica de privacidad - Somos Conexi\u00f3n","og_description":"Pol\u00edtica de privacidad 1. \u00bfQui\u00e9n trata tus datos personales? Responsable del tratamiento: SOM CONNEXI\u00d3, S.C.C.L.NIF: F66380676Domilicilio: Riu Llobregat, 47, bajos (El Prat del Llobregat \u2013Barcelona)Tel. 931311728E-mail: info@somosconexion.coopContacto de la persona delegada de protecci\u00f3n de datos: rgpd@somconnexio.coop 2. \u00bfCon qu\u00e9 finalidad tratamos tus datos personales? A) Para prestar nuestros servicios de telefon\u00eda m\u00f3vil e InternetB) Para [&hellip;]","og_url":"https:\/\/somconnexio.coop\/es\/politica-privacidad\/","og_site_name":"Somos Conexi\u00f3n","article_modified_time":"2025-07-03T11:13:29+00:00","og_image":[{"width":1440,"height":466,"url":"https:\/\/somconnexio.coop\/wp-content\/uploads\/2025\/01\/illustrated-footers.png","type":"image\/png"}],"twitter_card":"summary_large_image","twitter_misc":{"Tiempo de lectura":"4 minutos"},"schema":{"@context":"https:\/\/schema.org","@graph":[{"@type":"WebPage","@id":"https:\/\/somconnexio.coop\/es\/politica-privacidad\/","url":"https:\/\/somconnexio.coop\/es\/politica-privacidad\/","name":"Pol\u00edtica de privacidad - Somos Conexi\u00f3n","isPartOf":{"@id":"https:\/\/somconnexio.coop\/#website"},"primaryImageOfPage":{"@id":"https:\/\/somconnexio.coop\/es\/politica-privacidad\/#primaryimage"},"image":{"@id":"https:\/\/somconnexio.coop\/es\/politica-privacidad\/#primaryimage"},"thumbnailUrl":"https:\/\/somconnexio.coop\/wp-content\/uploads\/2025\/01\/illustrated-footers.png","datePublished":"2025-07-03T10:01:07+00:00","dateModified":"2025-07-03T11:13:29+00:00","breadcrumb":{"@id":"https:\/\/somconnexio.coop\/es\/politica-privacidad\/#breadcrumb"},"inLanguage":"es","potentialAction":[{"@type":"ReadAction","target":["https:\/\/somconnexio.coop\/es\/politica-privacidad\/"]}]},{"@type":"ImageObject","inLanguage":"es","@id":"https:\/\/somconnexio.coop\/es\/politica-privacidad\/#primaryimage","url":"https:\/\/somconnexio.coop\/wp-content\/uploads\/2025\/01\/illustrated-footers.png","contentUrl":"https:\/\/somconnexio.coop\/wp-content\/uploads\/2025\/01\/illustrated-footers.png"},{"@type":"BreadcrumbList","@id":"https:\/\/somconnexio.coop\/es\/politica-privacidad\/#breadcrumb","itemListElement":[{"@type":"ListItem","position":1,"name":"Portada","item":"https:\/\/somconnexio.coop\/es\/"},{"@type":"ListItem","position":2,"name":"Pol\u00edtica de privacidad"}]},{"@type":"WebSite","@id":"https:\/\/somconnexio.coop\/#website","url":"https:\/\/somconnexio.coop\/","name":"Somos Conexi\u00f3n","description":"la 1a cooperativa de telefon\u00eda e internet","potentialAction":[{"@type":"SearchAction","target":{"@type":"EntryPoint","urlTemplate":"https:\/\/somconnexio.coop\/?s={search_term_string}"},"query-input":{"@type":"PropertyValueSpecification","valueRequired":true,"valueName":"search_term_string"}}],"inLanguage":"es"}]}},"_links":{"self":[{"href":"https:\/\/somconnexio.coop\/es\/wp-json\/wp\/v2\/pages\/26460","targetHints":{"allow":["GET"]}}],"collection":[{"href":"https:\/\/somconnexio.coop\/es\/wp-json\/wp\/v2\/pages"}],"about":[{"href":"https:\/\/somconnexio.coop\/es\/wp-json\/wp\/v2\/types\/page"}],"author":[{"embeddable":true,"href":"https:\/\/somconnexio.coop\/es\/wp-json\/wp\/v2\/users\/1"}],"replies":[{"embeddable":true,"href":"https:\/\/somconnexio.coop\/es\/wp-json\/wp\/v2\/comments?post=26460"}],"version-history":[{"count":4,"href":"https:\/\/somconnexio.coop\/es\/wp-json\/wp\/v2\/pages\/26460\/revisions"}],"predecessor-version":[{"id":26476,"href":"https:\/\/somconnexio.coop\/es\/wp-json\/wp\/v2\/pages\/26460\/revisions\/26476"}],"wp:attachment":[{"href":"https:\/\/somconnexio.coop\/es\/wp-json\/wp\/v2\/media?parent=26460"}],"curies":[{"name":"wp","href":"https:\/\/api.w.org\/{rel}","templated":true}]}}