  {"id":26461,"date":"2025-07-03T12:01:19","date_gmt":"2025-07-03T10:01:19","guid":{"rendered":"https:\/\/somconnexio.coop\/?page_id=26461"},"modified":"2025-07-03T13:39:02","modified_gmt":"2025-07-03T11:39:02","slug":"aviso-legal","status":"publish","type":"page","link":"https:\/\/somconnexio.coop\/es\/aviso-legal\/","title":{"rendered":"Aviso legal"},"content":{"rendered":"\n<div class=\"wp-block-group alignfull has-seashell-background-color has-background has-global-padding is-layout-constrained wp-block-group-is-layout-constrained\" id=\"sc-layout\">\n<div class=\"wp-block-group has-global-padding is-layout-constrained wp-container-core-group-is-layout-73405a87 wp-block-group-is-layout-constrained\">\n<h1 class=\"wp-block-heading\">Aviso Legal<\/h1>\n\n\n\n<p>SOM CONNEXI\u00d3 SCCL, responsable del sitio web, en adelante RESPONSABLE, pone a disposici\u00f3n de los usuarios<br>el presente documento, con el que pretende dar cumplimiento a las obligaciones dispuestas en la Ley 34\/2002,<br>de 11 de julio, de Servicios de la Sociedad de la Informaci\u00f3n y de Comercio Electr\u00f3nico (LSSICE), BOE N.o 166, as\u00ed<br>como informar a todos los usuarios del sitio web respecto a cu\u00e1les son las condiciones de uso.<\/p>\n\n\n\n<p>Toda persona que acceda a este sitio web asume el papel de usuario, comprometi\u00e9ndose a la observancia y<br>cumplimiento riguroso de las disposiciones aqu\u00ed dispuestas, as\u00ed como a cualquier otra disposici\u00f3n legal que fuera<br>de aplicaci\u00f3n.<\/p>\n\n\n\n<p>SOM CONNEXI\u00d3 SCCL se reserva el derecho de modificar cualquier tipo de informaci\u00f3n que pudiera aparecer en<br>el sitio web, sin que exista obligaci\u00f3n de preavisar o poner en conocimiento de los usuarios dichas obligaciones,<br>entendi\u00e9ndose como suficiente la publicaci\u00f3n en el sitio web de SOM CONNEXI\u00d3 SCCL.<\/p>\n\n\n\n<h3 class=\"wp-block-heading\">1. DATOS IDENTIFICATIVOS<\/h3>\n\n\n\n<p>Nombre de dominio: somosconexion.coop<br>Nombre comercial: SOMOS CONEXI\u00d3N<br>Denominaci\u00f3n social: SOM CONNEXI\u00d3 SCCL<br>NIF: F66380676<br>Domicilio social: C\/ de les Moreres, 119 08820 El Prat del Llobregat Barcelona<br>Tel\u00e9fono: 931 311 728<br>E-mail: info@somosconexion.coop<\/p>\n\n\n\n<h3 class=\"wp-block-heading\">2. DERECHOS DE PROPIEDAD INTELECTUAL E INDUSTRIAL<\/h3>\n\n\n\n<p>De los contenidos creados y generados por SOMOS CONEXI\u00d3N as\u00ed como los contenidos vertidos en la red a trav\u00e9s de sus p\u00e1ginas Web, es permitida la copia, distribuci\u00f3n, comunicaci\u00f3n y la copia privada siguiendo la licencia CREATIVE COMMONS, 3.O (http:\/\/creativecommons.org\/licenses\/by-sa\/3.0\/es\/deed.ca)<\/p>\n\n\n\n<p>No obstante los logotipos, iconos, botones, software, nombres comerciales, marcas, dibujos industriales o cualesquiera otros signos propiedad de terceros titulares que han autorizado debidamente su inclusi\u00f3n en los diferentes sitios web de SOMOS CONEXI\u00d3N, quedan excluidos de esta licencia de uso.<\/p>\n\n\n\n<h3 class=\"wp-block-heading\">3. EXENCI\u00d3N DE RESPONSABILIDADES<\/h3>\n\n\n\n<p><br>El RESPONSABLE se exime de cualquier tipo de responsabilidad derivada de la informaci\u00f3n publicada en su sitio<br>web siempre que no tenga conocimiento efectivo de que esta informaci\u00f3n haya sido manipulada o introducida<br>por un tercero ajeno al mismo o, si lo tiene, haya actuado con diligencia para retirar los datos o hacer imposible<br>el acceso a ellos.<\/p>\n\n\n\n<p><strong>Uso de Cookies<\/strong><\/p>\n\n\n\n<p>Este sitio web puede utilizar cookies t\u00e9cnicas (peque\u00f1os archivos de informaci\u00f3n que el servidor env\u00eda al<br>ordenador de quien accede a la p\u00e1gina) para llevar a cabo determinadas funciones que son consideradas<br>imprescindibles para el correcto funcionamiento y visualizaci\u00f3n del sitio. Las cookies utilizadas tienen, en todo<br>caso, car\u00e1cter temporal, con la \u00fanica finalidad de hacer m\u00e1s eficaz la navegaci\u00f3n, y desaparecen al terminar la<br>sesi\u00f3n del usuario. En ning\u00fan caso, estas cookies proporcionan por s\u00ed mismas datos de car\u00e1cter personal y no se<br>utilizar\u00e1n para la recogida de los mismos.<\/p>\n\n\n\n<p>Mediante el uso de cookies tambi\u00e9n es posible que el servidor donde se encuentra la web reconozca el<br>navegador utilizado por el usuario con la finalidad de que la navegaci\u00f3n sea m\u00e1s sencilla, permitiendo, por<br>ejemplo, el acceso de los usuarios que se hayan registrado previamente a las \u00e1reas, servicios, promociones o<br>concursos reservados exclusivamente a ellos sin tener que registrarse en cada visita. Tambi\u00e9n se pueden utilizar<br>para medir la audiencia, par\u00e1metros de tr\u00e1fico, controlar el progreso y n\u00famero de entradas, etc., siendo en estos<br>casos cookies prescindibles t\u00e9cnicamente, pero beneficiosas para el usuario. Este sitio web no instalar\u00e1 cookies<br>prescindibles sin el consentimiento previo del usuario.<\/p>\n\n\n\n<p>Este sitio web utiliza cookies propias y de terceros para fines anal\u00edticos y para mostrarle publicidad personalizada<br>en base a un perfil elaborado a partir de sus h\u00e1bitos de navegaci\u00f3n (por ejemplo, p\u00e1ginas visitadas). A todo<br>usuario que visita la web se le informa del uso de estas cookies mediante un banner flotante. En el caso de<br>aceptar su uso, el banner desaparecer\u00e1, aunque en todo momento podr\u00e1 revocar el consentimiento y obtener<br>m\u00e1s informaci\u00f3n consultando nuestra Pol\u00edtica de cookies.<\/p>\n\n\n\n<p>El usuario tiene la posibilidad de configurar su navegador para ser alertado de la recepci\u00f3n de cookies y para<br>impedir su instalaci\u00f3n en su equipo. Por favor, consulte las instrucciones de su navegador para ampliar esta<br>informaci\u00f3n.<\/p>\n\n\n\n<p><strong>Pol\u00edtica de enlaces<\/strong><\/p>\n\n\n\n<p>Desde el sitio web, es posible que se redirija a contenidos de terceros sitios web. Dado que el RESPONSABLE no<br>puede controlar siempre los contenidos introducidos por terceros en sus respectivos sitios web, no asume<br>ning\u00fan tipo de responsabilidad respecto a dichos contenidos. En todo caso, proceder\u00e1 a la retirada inmediata de<br>cualquier contenido que pudiera contravenir la legislaci\u00f3n nacional o internacional, la moral o el orden p\u00fablico,<br>procediendo a la retirada inmediata de la redirecci\u00f3n a dicho sitio web, poniendo en conocimiento de las<br>autoridades competentes el contenido en cuesti\u00f3n.<\/p>\n\n\n\n<p>El RESPONSABLE no se hace responsable de la informaci\u00f3n y contenidos almacenados, a t\u00edtulo enunciativo pero<br>no limitativo, en foros, chats, generadores de blogs, comentarios, redes sociales o cualquier otro medio que<br>permita a terceros publicar contenidos de forma independiente en la p\u00e1gina web del RESPONSABLE. Sin<br>embargo, y en cumplimiento de lo dispuesto en los art\u00edculos 11 y 16 de la LSSICE, se pone a disposici\u00f3n de todos<br>los usuarios, autoridades y fuerzas de seguridad, colaborando de forma activa en la retirada o, en su caso,<br>bloqueo de todos aquellos contenidos que puedan afectar o contravenir la legislaci\u00f3n nacional o internacional,<br>los derechos de terceros o la moral y el orden p\u00fablico. En caso de que el usuario considere que existe en el sitio<br>web alg\u00fan contenido que pudiera ser susceptible de esta clasificaci\u00f3n, se ruega lo notifique de forma inmediata<br>al administrador del sitio web.<\/p>\n\n\n\n<p>Este sitio web se ha revisado y probado para que funcione correctamente. En principio, puede garantizarse el correcto funcionamiento los 365 d\u00edas del a\u00f1o, 24 horas al d\u00eda. Sin embargo, el RESPONSABLE no descarta la<br>posibilidad de que existan ciertos errores de programaci\u00f3n, o que acontezcan causas de fuerza mayor,<br>cat\u00e1strofes naturales, huelgas o circunstancias semejantes que hagan imposible el acceso a la p\u00e1gina web.<\/p>\n\n\n\n<p><strong>Direcciones IP<\/strong><\/p>\n\n\n\n<p>Los servidores del sitio web podr\u00e1n detectar de manera autom\u00e1tica la direcci\u00f3n IP y el nombre de dominio<br>utilizados por el usuario. Una direcci\u00f3n IP es un n\u00famero asignado autom\u00e1ticamente a un ordenador cuando este<br>se conecta a Internet. Toda esta informaci\u00f3n se registra en un fichero de actividad del servidor debidamente<br>inscrito que permite el posterior procesamiento de los datos con el fin de obtener mediciones \u00fanicamente<br>estad\u00edsticas que permitan conocer el n\u00famero de impresiones de p\u00e1ginas, el n\u00famero de visitas realizadas a los<br>servidores web, el orden de visitas, el punto de acceso, etc.<\/p>\n\n\n\n<h3 class=\"wp-block-heading\">4. LEY APLICABLE Y JURISDICCI\u00d3N<\/h3>\n\n\n\n<p>Para la resoluci\u00f3n de todas las controversias o cuestiones relacionadas con el presente sitio web o de las<br>actividades en \u00e9l desarrolladas, ser\u00e1 de aplicaci\u00f3n la legislaci\u00f3n espa\u00f1ola, a la que se someten expresamente las<br>partes, siendo competentes para la resoluci\u00f3n de todos los conflictos derivados o relacionados con su uso los<br>Juzgados y Tribunales del domicilio del USUARIO o el lugar del cumplimiento de la obligaci\u00f3n.<\/p>\n<\/div>\n<\/div>\n\n\n\n<div class=\"wp-block-group alignfull has-seashell-background-color has-background has-global-padding is-layout-constrained wp-block-group-is-layout-constrained\">\n<figure class=\"wp-block-image alignfull size-full\"><img loading=\"lazy\" decoding=\"async\" width=\"1440\" height=\"466\" src=\"https:\/\/somconnexio.coop\/wp-content\/uploads\/2025\/01\/illustrated-footers.png\" alt=\"\" class=\"wp-image-22390\" srcset=\"https:\/\/somconnexio.coop\/wp-content\/uploads\/2025\/01\/illustrated-footers.png 1440w, https:\/\/somconnexio.coop\/wp-content\/uploads\/2025\/01\/illustrated-footers-300x97.png 300w, https:\/\/somconnexio.coop\/wp-content\/uploads\/2025\/01\/illustrated-footers-1024x331.png 1024w, https:\/\/somconnexio.coop\/wp-content\/uploads\/2025\/01\/illustrated-footers-768x249.png 768w\" sizes=\"auto, (max-width: 1440px) 100vw, 1440px\" \/><\/figure>\n<\/div>\n","protected":false},"excerpt":{"rendered":"<p>Aviso Legal SOM CONNEXI\u00d3 SCCL, responsable del sitio web, en adelante RESPONSABLE, pone a disposici\u00f3n de los usuariosel presente documento, con el que pretende dar cumplimiento a las obligaciones dispuestas en la Ley 34\/2002,de 11 de julio, de Servicios de la Sociedad de la Informaci\u00f3n y de Comercio Electr\u00f3nico (LSSICE), BOE N.o 166, as\u00edcomo informar [&hellip;]<\/p>\n","protected":false},"author":1,"featured_media":0,"parent":0,"menu_order":0,"comment_status":"closed","ping_status":"closed","template":"","meta":{"footnotes":""},"class_list":["post-26461","page","type-page","status-publish","hentry"],"yoast_head":"<!-- This site is optimized with the Yoast SEO plugin v25.1 - https:\/\/yoast.com\/wordpress\/plugins\/seo\/ -->\n<title>Aviso legal - Somos Conexi\u00f3n<\/title>\n<meta name=\"robots\" content=\"index, follow, max-snippet:-1, max-image-preview:large, max-video-preview:-1\" \/>\n<link rel=\"canonical\" href=\"https:\/\/somconnexio.coop\/es\/aviso-legal\/\" \/>\n<meta property=\"og:locale\" content=\"es_ES\" \/>\n<meta property=\"og:type\" content=\"article\" \/>\n<meta property=\"og:title\" content=\"Aviso legal - Somos Conexi\u00f3n\" \/>\n<meta property=\"og:description\" content=\"Aviso Legal SOM CONNEXI\u00d3 SCCL, responsable del sitio web, en adelante RESPONSABLE, pone a disposici\u00f3n de los usuariosel presente documento, con el que pretende dar cumplimiento a las obligaciones dispuestas en la Ley 34\/2002,de 11 de julio, de Servicios de la Sociedad de la Informaci\u00f3n y de Comercio Electr\u00f3nico (LSSICE), BOE N.o 166, as\u00edcomo informar [&hellip;]\" \/>\n<meta property=\"og:url\" content=\"https:\/\/somconnexio.coop\/es\/aviso-legal\/\" \/>\n<meta property=\"og:site_name\" content=\"Somos Conexi\u00f3n\" \/>\n<meta property=\"article:modified_time\" content=\"2025-07-03T11:39:02+00:00\" \/>\n<meta property=\"og:image\" content=\"https:\/\/somconnexio.coop\/wp-content\/uploads\/2025\/01\/illustrated-footers.png\" \/>\n\t<meta property=\"og:image:width\" content=\"1440\" \/>\n\t<meta property=\"og:image:height\" content=\"466\" \/>\n\t<meta property=\"og:image:type\" content=\"image\/png\" \/>\n<meta name=\"twitter:card\" content=\"summary_large_image\" \/>\n<meta name=\"twitter:label1\" content=\"Tiempo de lectura\" \/>\n\t<meta name=\"twitter:data1\" content=\"6 minutos\" \/>\n<script type=\"application\/ld+json\" class=\"yoast-schema-graph\">{\"@context\":\"https:\/\/schema.org\",\"@graph\":[{\"@type\":\"WebPage\",\"@id\":\"https:\/\/somconnexio.coop\/es\/aviso-legal\/\",\"url\":\"https:\/\/somconnexio.coop\/es\/aviso-legal\/\",\"name\":\"Aviso legal - Somos Conexi\u00f3n\",\"isPartOf\":{\"@id\":\"https:\/\/somconnexio.coop\/#website\"},\"primaryImageOfPage\":{\"@id\":\"https:\/\/somconnexio.coop\/es\/aviso-legal\/#primaryimage\"},\"image\":{\"@id\":\"https:\/\/somconnexio.coop\/es\/aviso-legal\/#primaryimage\"},\"thumbnailUrl\":\"https:\/\/somconnexio.coop\/wp-content\/uploads\/2025\/01\/illustrated-footers.png\",\"datePublished\":\"2025-07-03T10:01:19+00:00\",\"dateModified\":\"2025-07-03T11:39:02+00:00\",\"breadcrumb\":{\"@id\":\"https:\/\/somconnexio.coop\/es\/aviso-legal\/#breadcrumb\"},\"inLanguage\":\"es\",\"potentialAction\":[{\"@type\":\"ReadAction\",\"target\":[\"https:\/\/somconnexio.coop\/es\/aviso-legal\/\"]}]},{\"@type\":\"ImageObject\",\"inLanguage\":\"es\",\"@id\":\"https:\/\/somconnexio.coop\/es\/aviso-legal\/#primaryimage\",\"url\":\"https:\/\/somconnexio.coop\/wp-content\/uploads\/2025\/01\/illustrated-footers.png\",\"contentUrl\":\"https:\/\/somconnexio.coop\/wp-content\/uploads\/2025\/01\/illustrated-footers.png\"},{\"@type\":\"BreadcrumbList\",\"@id\":\"https:\/\/somconnexio.coop\/es\/aviso-legal\/#breadcrumb\",\"itemListElement\":[{\"@type\":\"ListItem\",\"position\":1,\"name\":\"Portada\",\"item\":\"https:\/\/somconnexio.coop\/es\/\"},{\"@type\":\"ListItem\",\"position\":2,\"name\":\"Aviso legal\"}]},{\"@type\":\"WebSite\",\"@id\":\"https:\/\/somconnexio.coop\/#website\",\"url\":\"https:\/\/somconnexio.coop\/\",\"name\":\"Somos Conexi\u00f3n\",\"description\":\"la 1a cooperativa de telefon\u00eda e internet\",\"potentialAction\":[{\"@type\":\"SearchAction\",\"target\":{\"@type\":\"EntryPoint\",\"urlTemplate\":\"https:\/\/somconnexio.coop\/?s={search_term_string}\"},\"query-input\":{\"@type\":\"PropertyValueSpecification\",\"valueRequired\":true,\"valueName\":\"search_term_string\"}}],\"inLanguage\":\"es\"}]}<\/script>\n<!-- \/ Yoast SEO plugin. -->","yoast_head_json":{"title":"Aviso legal - Somos Conexi\u00f3n","robots":{"index":"index","follow":"follow","max-snippet":"max-snippet:-1","max-image-preview":"max-image-preview:large","max-video-preview":"max-video-preview:-1"},"canonical":"https:\/\/somconnexio.coop\/es\/aviso-legal\/","og_locale":"es_ES","og_type":"article","og_title":"Aviso legal - Somos Conexi\u00f3n","og_description":"Aviso Legal SOM CONNEXI\u00d3 SCCL, responsable del sitio web, en adelante RESPONSABLE, pone a disposici\u00f3n de los usuariosel presente documento, con el que pretende dar cumplimiento a las obligaciones dispuestas en la Ley 34\/2002,de 11 de julio, de Servicios de la Sociedad de la Informaci\u00f3n y de Comercio Electr\u00f3nico (LSSICE), BOE N.o 166, as\u00edcomo informar [&hellip;]","og_url":"https:\/\/somconnexio.coop\/es\/aviso-legal\/","og_site_name":"Somos Conexi\u00f3n","article_modified_time":"2025-07-03T11:39:02+00:00","og_image":[{"width":1440,"height":466,"url":"https:\/\/somconnexio.coop\/wp-content\/uploads\/2025\/01\/illustrated-footers.png","type":"image\/png"}],"twitter_card":"summary_large_image","twitter_misc":{"Tiempo de lectura":"6 minutos"},"schema":{"@context":"https:\/\/schema.org","@graph":[{"@type":"WebPage","@id":"https:\/\/somconnexio.coop\/es\/aviso-legal\/","url":"https:\/\/somconnexio.coop\/es\/aviso-legal\/","name":"Aviso legal - Somos Conexi\u00f3n","isPartOf":{"@id":"https:\/\/somconnexio.coop\/#website"},"primaryImageOfPage":{"@id":"https:\/\/somconnexio.coop\/es\/aviso-legal\/#primaryimage"},"image":{"@id":"https:\/\/somconnexio.coop\/es\/aviso-legal\/#primaryimage"},"thumbnailUrl":"https:\/\/somconnexio.coop\/wp-content\/uploads\/2025\/01\/illustrated-footers.png","datePublished":"2025-07-03T10:01:19+00:00","dateModified":"2025-07-03T11:39:02+00:00","breadcrumb":{"@id":"https:\/\/somconnexio.coop\/es\/aviso-legal\/#breadcrumb"},"inLanguage":"es","potentialAction":[{"@type":"ReadAction","target":["https:\/\/somconnexio.coop\/es\/aviso-legal\/"]}]},{"@type":"ImageObject","inLanguage":"es","@id":"https:\/\/somconnexio.coop\/es\/aviso-legal\/#primaryimage","url":"https:\/\/somconnexio.coop\/wp-content\/uploads\/2025\/01\/illustrated-footers.png","contentUrl":"https:\/\/somconnexio.coop\/wp-content\/uploads\/2025\/01\/illustrated-footers.png"},{"@type":"BreadcrumbList","@id":"https:\/\/somconnexio.coop\/es\/aviso-legal\/#breadcrumb","itemListElement":[{"@type":"ListItem","position":1,"name":"Portada","item":"https:\/\/somconnexio.coop\/es\/"},{"@type":"ListItem","position":2,"name":"Aviso legal"}]},{"@type":"WebSite","@id":"https:\/\/somconnexio.coop\/#website","url":"https:\/\/somconnexio.coop\/","name":"Somos Conexi\u00f3n","description":"la 1a cooperativa de telefon\u00eda e internet","potentialAction":[{"@type":"SearchAction","target":{"@type":"EntryPoint","urlTemplate":"https:\/\/somconnexio.coop\/?s={search_term_string}"},"query-input":{"@type":"PropertyValueSpecification","valueRequired":true,"valueName":"search_term_string"}}],"inLanguage":"es"}]}},"_links":{"self":[{"href":"https:\/\/somconnexio.coop\/es\/wp-json\/wp\/v2\/pages\/26461","targetHints":{"allow":["GET"]}}],"collection":[{"href":"https:\/\/somconnexio.coop\/es\/wp-json\/wp\/v2\/pages"}],"about":[{"href":"https:\/\/somconnexio.coop\/es\/wp-json\/wp\/v2\/types\/page"}],"author":[{"embeddable":true,"href":"https:\/\/somconnexio.coop\/es\/wp-json\/wp\/v2\/users\/1"}],"replies":[{"embeddable":true,"href":"https:\/\/somconnexio.coop\/es\/wp-json\/wp\/v2\/comments?post=26461"}],"version-history":[{"count":2,"href":"https:\/\/somconnexio.coop\/es\/wp-json\/wp\/v2\/pages\/26461\/revisions"}],"predecessor-version":[{"id":26491,"href":"https:\/\/somconnexio.coop\/es\/wp-json\/wp\/v2\/pages\/26461\/revisions\/26491"}],"wp:attachment":[{"href":"https:\/\/somconnexio.coop\/es\/wp-json\/wp\/v2\/media?parent=26461"}],"curies":[{"name":"wp","href":"https:\/\/api.w.org\/{rel}","templated":true}]}}