  {"id":27680,"date":"2025-12-10T15:24:08","date_gmt":"2025-12-10T14:24:08","guid":{"rendered":"https:\/\/somconnexio.coop\/tarifes-families\/"},"modified":"2026-01-08T13:44:42","modified_gmt":"2026-01-08T12:44:42","slug":"tarifas-familias","status":"publish","type":"page","link":"https:\/\/somconnexio.coop\/es\/tarifas-familias\/","title":{"rendered":"Tarifas familias"},"content":{"rendered":"\n<div class=\"wp-block-group alignfull has-global-padding is-layout-constrained wp-block-group-is-layout-constrained\" id=\"family-pack\">\n<div class=\"wp-block-group alignfull family-pack-header has-primary-background-color has-background has-global-padding is-layout-constrained wp-container-core-group-is-layout-be04af43 wp-block-group-is-layout-constrained\" id=\"sc-layout-no-padding-bottom\" style=\"margin-top:0;margin-bottom:0\">\n<div class=\"wp-block-columns is-layout-flex wp-container-core-columns-is-layout-9c22b1e3 wp-block-columns-is-layout-flex\">\n<div class=\"wp-block-column is-vertically-aligned-center is-layout-flow wp-block-column-is-layout-flow\" style=\"flex-basis:50%\">\n<div class=\"wp-block-group family-pack-title-column has-global-padding is-content-justification-left is-layout-constrained wp-container-core-group-is-layout-2ccfb01d wp-block-group-is-layout-constrained\" style=\"padding-bottom:var(--wp--preset--spacing--40)\">\n<h1 class=\"wp-block-heading has-text-align-left is-style-show-desktop has-black-color has-text-color has-link-color has-headine-h-1-font-size wp-elements-741b32a322616b6cf66b025125d37201\" id=\"family-pack-title\">Tarifas sin datos para adolescentes<\/h1>\n\n\n\n<h1 class=\"wp-block-heading has-text-align-left is-style-show-mobile-tablet has-black-color has-text-color has-link-color wp-elements-88f39120d8a172e826b7f7f6e8f1d513\" id=\"family-pack-title\" style=\"font-size:50px\">Tarifas sin datos para adolescentes<\/h1>\n\n\n\n<div class=\"wp-block-group family-pack-description has-global-padding is-layout-constrained wp-block-group-is-layout-constrained\">\n<p class=\"has-text-align-left family-pack-paragraph has-black-color has-text-color has-link-color has-xlarge-font-size wp-elements-c5db227c1910c9c3ca44c5bac1cc8bd3\">A\u00f1ade una linea con <strong>0GB y 150 minutos<\/strong> por s\u00f3lo <span class=\"family-pack-highlight\"><strong>1\u20ac<\/strong><\/span><\/p>\n\n\n\n<div style=\"height:0px\" aria-hidden=\"true\" class=\"wp-block-spacer\"><\/div>\n<\/div>\n\n\n\n<div class=\"wp-block-buttons is-content-justification-left is-layout-flex wp-container-core-buttons-is-layout-1d311615 wp-block-buttons-is-layout-flex\" style=\"padding-top:var(--wp--preset--spacing--10);padding-bottom:var(--wp--preset--spacing--10)\">\n<div class=\"wp-block-button\"><a class=\"wp-block-button__link wp-element-button\" href=\"#tarifesfamilia\">VER TARIFAS<\/a><\/div>\n\n\n\n<div class=\"wp-block-button is-style-outline is-style-outline--1\"><a class=\"wp-block-button__link wp-element-button\" href=\"#Perque0GB\" style=\"padding-top:15px;padding-bottom:15px\">\u00bfPOR QU\u00c9 \u00ab0 GB\u00bb?<\/a><\/div>\n<\/div>\n<\/div>\n<\/div>\n\n\n\n<div class=\"wp-block-column is-layout-flow wp-block-column-is-layout-flow\" style=\"flex-basis:50%\">\n<figure class=\"wp-block-image aligncenter size-full is-resized\" style=\"margin-bottom:-4px\"><img loading=\"lazy\" decoding=\"async\" width=\"829\" height=\"1000\" src=\"https:\/\/somconnexio.coop\/wp-content\/uploads\/2025\/12\/Imatge-per-landing3.png\" alt=\"\" class=\"wp-image-27635\" style=\"width:581px;height:auto\" srcset=\"https:\/\/somconnexio.coop\/wp-content\/uploads\/2025\/12\/Imatge-per-landing3.png 829w, https:\/\/somconnexio.coop\/wp-content\/uploads\/2025\/12\/Imatge-per-landing3-249x300.png 249w, https:\/\/somconnexio.coop\/wp-content\/uploads\/2025\/12\/Imatge-per-landing3-768x926.png 768w\" sizes=\"auto, (max-width: 829px) 100vw, 829px\" \/><\/figure>\n<\/div>\n<\/div>\n<\/div>\n\n\n\n<div class=\"wp-block-group alignfull has-black-background-color has-background has-global-padding is-layout-constrained wp-block-group-is-layout-constrained\">\n<div style=\"height:20px\" aria-hidden=\"true\" id=\"mas\" class=\"wp-block-spacer\"><\/div>\n<\/div>\n\n\n\n<div class=\"wp-block-group alignfull has-white-background-color has-background has-global-padding is-layout-constrained wp-block-group-is-layout-constrained\" id=\"tarifesfamilia\">\n<div style=\"height:0px\" aria-hidden=\"true\" class=\"wp-block-spacer\"><\/div>\n\n\n<div class='wp-react-root' data-component='\/tariffs\/child_recommended?locale=es'><\/div>\n\n\n\n<div style=\"height:0px\" aria-hidden=\"true\" class=\"wp-block-spacer\"><\/div>\n<\/div>\n\n\n\n<div class=\"wp-block-group alignfull has-white-background-color has-background has-global-padding is-layout-constrained wp-block-group-is-layout-constrained\" id=\"sc-layout\">\n<div class=\"wp-block-group alignfull has-white-background-color has-background has-global-padding is-layout-constrained wp-block-group-is-layout-constrained\">\n<div class=\"wp-block-group alignfull has-global-padding is-layout-constrained wp-container-core-group-is-layout-92ef7b19 wp-block-group-is-layout-constrained\">\n<div style=\"height:40px\" aria-hidden=\"true\" class=\"wp-block-spacer\"><\/div>\n\n\n\n<h2 class=\"wp-block-heading has-text-align-left\">No encuentras tu tarifa ideal?<\/h2>\n\n\n\n<p class=\"has-text-align-left has-large-font-size\">Tambi\u00e9n puedes seleccionar cualquier otra fibra o paquete y a\u00f1adir 1 o 2 l\u00edneas de 0GB por s\u00f3lo 1\u20ac.<\/p>\n\n\n\n<div class=\"wp-block-columns is-layout-flex wp-container-core-columns-is-layout-28f84493 wp-block-columns-is-layout-flex\">\n<div class=\"wp-block-column is-layout-flow wp-block-column-is-layout-flow\" style=\"flex-basis:100%\">\n<div class=\"wp-block-buttons family-pack-button is-content-justification-right is-layout-flex wp-container-core-buttons-is-layout-d445cf74 wp-block-buttons-is-layout-flex\">\n<div class=\"wp-block-button tracking-individual\"><a class=\"wp-block-button__link wp-element-button\" href=\"https:\/\/somconnexio.coop\/es\/tarifas-internet\/\"> Fibra sola <\/a><\/div>\n<\/div>\n<\/div>\n\n\n\n<div class=\"wp-block-column is-layout-flow wp-block-column-is-layout-flow\" style=\"flex-basis:100%\">\n<div class=\"wp-block-buttons family-pack-button is-content-justification-left is-layout-flex wp-container-core-buttons-is-layout-fc4fd283 wp-block-buttons-is-layout-flex\">\n<div class=\"wp-block-button tracking-individual\"><a class=\"wp-block-button__link wp-element-button\" href=\"https:\/\/somconnexio.coop\/es\/tarifas-internet-movil\/\">fibra + m\u00f3vil<\/a><\/div>\n<\/div>\n<\/div>\n<\/div>\n\n\n\n<div style=\"height:25px\" aria-hidden=\"true\" id=\"mas\" class=\"wp-block-spacer\"><\/div>\n\n\n\n<p class=\"has-text-align-left\">*Si ya tienes una fibra activa, pide tus l\u00edneas de 0 GB a trav\u00e9s de la Oficina Virtual.<\/p>\n\n\n\n<div style=\"height:30px\" aria-hidden=\"true\" id=\"mas\" class=\"wp-block-spacer\"><\/div>\n\n\n\n<div class=\"wp-block-columns alignfull is-layout-flex wp-container-core-columns-is-layout-28f84493 wp-block-columns-is-layout-flex\">\n<div class=\"wp-block-column is-layout-flow wp-block-column-is-layout-flow\"><\/div>\n<\/div>\n<\/div>\n<\/div>\n<\/div>\n\n\n\n<div class=\"wp-block-group alignfull has-seashell-background-color has-background has-global-padding is-layout-constrained wp-block-group-is-layout-constrained\" id=\"sc-layout-family-tariffs-height\">\n<div class=\"wp-block-group alignfull has-seashell-background-color has-background has-global-padding is-layout-constrained wp-container-core-group-is-layout-41c06ba8 wp-block-group-is-layout-constrained\" id=\"Perque0GB\">\n<div style=\"height:30px\" aria-hidden=\"true\" class=\"wp-block-spacer\"><\/div>\n\n\n\n<figure class=\"wp-block-image aligncenter size-full\"><img loading=\"lazy\" decoding=\"async\" width=\"596\" height=\"403\" src=\"https:\/\/somconnexio.coop\/wp-content\/uploads\/2025\/12\/img-dialog-why-es.png\" alt=\"\" class=\"wp-image-27683\" srcset=\"https:\/\/somconnexio.coop\/wp-content\/uploads\/2025\/12\/img-dialog-why-es.png 596w, https:\/\/somconnexio.coop\/wp-content\/uploads\/2025\/12\/img-dialog-why-es-300x203.png 300w\" sizes=\"auto, (max-width: 596px) 100vw, 596px\" \/><\/figure>\n\n\n\n<div class=\"wp-block-group has-global-padding is-layout-constrained wp-container-core-group-is-layout-27b7af1e wp-block-group-is-layout-constrained\" style=\"padding-top:0;padding-bottom:0\">\n<h3 class=\"wp-block-heading has-text-align-left has-headine-h-1-font-size\">Adicci\u00f3n, ciberacoso, falta de autoestima\u2026 Internet est\u00e1 generando <mark style=\"background-color:#CE1462\" class=\"has-inline-color has-white-color\">impactos graves<\/mark> en los adolescentes<\/h3>\n\n\n\n<p class=\"has-large-font-size\">El modelo de negocio de las grandes tecnol\u00f3gicas se basa en <strong>captar y retener la atenci\u00f3n a expensas del bienestar y salud mental de las usuarias<\/strong>. Esto hace que internet no sea un entorno seguro, especialmente para los adolescentes, que todav\u00eda est\u00e1n desarrollando algunas \u00e1reas de su cerebro. En Somos Conexi\u00f3n queremos seguir ayudando a las familias ante este reto y por eso hemos creado <strong>una tarifa con 0 GB y otros mecanismos de protecci\u00f3n<\/strong>.<\/p>\n<\/div>\n\n\n\n<div class=\"wp-block-group has-global-padding is-content-justification-center is-layout-constrained wp-container-core-group-is-layout-cafbf0ff wp-block-group-is-layout-constrained\" style=\"padding-top:40px;padding-right:0;padding-left:0\">\n<figure class=\"wp-block-image aligncenter size-full\"><img loading=\"lazy\" decoding=\"async\" width=\"20\" height=\"66\" src=\"https:\/\/somconnexio.coop\/wp-content\/uploads\/2024\/08\/Frame-1041.png\" alt=\"\" class=\"wp-image-21287\"\/><\/figure>\n<\/div>\n<\/div>\n<\/div>\n\n\n\n<div class=\"wp-block-group alignfull family-pack-box-info-yellow has-seashell-background-color has-background has-global-padding is-layout-constrained wp-container-core-group-is-layout-0a18645c wp-block-group-is-layout-constrained\" id=\"more-info\" style=\"padding-right:24px;padding-left:24px\">\n<div class=\"wp-block-columns family-pack-color-box-info has-yellow-orange-background-color has-background is-layout-flex wp-container-core-columns-is-layout-e69dcba3 wp-block-columns-is-layout-flex\" style=\"border-radius:16px;padding-top:56px;padding-right:56px;padding-bottom:56px;padding-left:56px\">\n<div class=\"wp-block-column is-layout-flow wp-container-core-column-is-layout-92d440f1 wp-block-column-is-layout-flow\" style=\"padding-top:0;padding-bottom:0\">\n<h2 class=\"wp-block-heading family-pack-h2 has-black-color has-text-color has-link-color wp-elements-9608db721d014ac2777851a8a2dcaadf\">M\u00e1xima protecci\u00f3n para tu hijo o hija<\/h2>\n\n\n\n<div style=\"height:20px\" aria-hidden=\"true\" class=\"wp-block-spacer\"><\/div>\n\n\n\n<p class=\"has-black-color has-text-color has-link-color has-large-font-size wp-elements-a8b224ecaad36c28f4cb9ef1bdcd77d1\">La linea con 0GB para adolescentes cuenta con la siguiente configuraci\u00f3n y servicios.<\/p>\n<\/div>\n\n\n\n<div class=\"wp-block-column has-black-color has-text-color has-link-color wp-elements-cd5f6f5c9fbc52f23b3e83a9b8f5fc2a is-layout-flow wp-container-core-column-is-layout-22223934 wp-block-column-is-layout-flow\">\n<div class=\"wp-block-group is-nowrap is-layout-flex wp-container-core-group-is-layout-6c531013 wp-block-group-is-layout-flex\">\n<figure class=\"wp-block-image size-full\"><img loading=\"lazy\" decoding=\"async\" width=\"24\" height=\"24\" src=\"https:\/\/somconnexio.codeccoop.org\/wp-content\/uploads\/2024\/10\/Circle_check.png\" alt=\"\" class=\"wp-image-21695\" style=\"object-fit:cover\"\/><\/figure>\n\n\n\n<p class=\"has-text-align-left has-normal-font-size\" style=\"font-style:normal;font-weight:600\">L\u00edmite de consumo capado a 5\u20ac<\/p>\n<\/div>\n\n\n\n<div class=\"wp-block-group is-nowrap is-layout-flex wp-container-core-group-is-layout-6c531013 wp-block-group-is-layout-flex\">\n<figure class=\"wp-block-image size-full is-resized\"><img loading=\"lazy\" decoding=\"async\" width=\"24\" height=\"24\" src=\"https:\/\/somconnexio.codeccoop.org\/wp-content\/uploads\/2024\/10\/Circle_check.png\" alt=\"\" class=\"wp-image-21695\" style=\"width:24px\"\/><\/figure>\n\n\n\n<p class=\"has-text-align-left has-normal-font-size\" style=\"font-style:normal;font-weight:600\">SMS salientes desactivados, posibilidad de desactivar los SMS entrantes<\/p>\n<\/div>\n\n\n\n<div class=\"wp-block-group is-content-justification-left is-nowrap is-layout-flex wp-container-core-group-is-layout-fc9f69e7 wp-block-group-is-layout-flex\">\n<figure class=\"wp-block-image size-full is-resized\"><img loading=\"lazy\" decoding=\"async\" width=\"24\" height=\"24\" src=\"https:\/\/somconnexio.codeccoop.org\/wp-content\/uploads\/2024\/10\/Circle_check.png\" alt=\"\" class=\"wp-image-21695\" style=\"object-fit:cover;width:24px;height:auto\"\/><\/figure>\n\n\n\n<p class=\"has-normal-font-size\" style=\"font-style:normal;font-weight:600\">Buz\u00f3n de voz desactivado<\/p>\n<\/div>\n\n\n\n<div class=\"wp-block-group is-nowrap is-layout-flex wp-container-core-group-is-layout-6c531013 wp-block-group-is-layout-flex\">\n<figure class=\"wp-block-image size-full is-style-default\"><img loading=\"lazy\" decoding=\"async\" width=\"24\" height=\"24\" src=\"https:\/\/somconnexio.codeccoop.org\/wp-content\/uploads\/2024\/10\/Circle_check.png\" alt=\"\" class=\"wp-image-21695\" style=\"object-fit:cover\"\/><\/figure>\n\n\n\n<p class=\"has-normal-font-size\" style=\"font-style:normal;font-weight:600\">Llamadas internacionales desactivadas<\/p>\n<\/div>\n\n\n\n<div class=\"wp-block-group is-nowrap is-layout-flex wp-container-core-group-is-layout-6c531013 wp-block-group-is-layout-flex\">\n<figure class=\"wp-block-image size-full is-resized\"><img loading=\"lazy\" decoding=\"async\" width=\"24\" height=\"24\" src=\"https:\/\/somconnexio.codeccoop.org\/wp-content\/uploads\/2024\/10\/Circle_check.png\" alt=\"\" class=\"wp-image-21695\" style=\"width:24px\"\/><\/figure>\n\n\n\n<p class=\"has-normal-font-size\" style=\"font-style:normal;font-weight:600\">Asesoramiento personalizado para filtrado de dispositivos y routers<\/p>\n<\/div>\n<\/div>\n<\/div>\n\n\n\n<div style=\"height:60px\" aria-hidden=\"true\" class=\"wp-block-spacer\"><\/div>\n<\/div>\n\n\n\n<div class=\"wp-block-group alignfull has-seashell-background-color has-background has-global-padding is-layout-constrained wp-block-group-is-layout-constrained\" id=\"ethical-values\">\n<div class=\"wp-block-group has-global-padding is-layout-constrained wp-container-core-group-is-layout-623d632c wp-block-group-is-layout-constrained\" style=\"padding-right:24px\">\n<h2 class=\"wp-block-heading has-text-align-center family-pack-h2 has-black-color has-text-color has-link-color has-headine-h-2-font-size wp-elements-16530838efe9fde22a54da9efb37b232\">Consejos para el uso del m\u00f3vil entre los 12 y 16 a\u00f1os<\/h2>\n<\/div>\n\n\n\n<div style=\"height:60px\" aria-hidden=\"true\" class=\"wp-block-spacer\"><\/div>\n\n\n\n<div class=\"wp-block-wpct-block-slider-row alignfull wpct-block-slider-row wp-block-group has-seashell-background-color has-background is-layout-flex wp-block-slider-row-is-layout-flex\" showdots=\"true\" showarrows=\"false\">\n<div class=\"wp-block-group wpct-block-slider-row-step sc-card-min-height has-boston-blue-background-color has-background is-nowrap is-layout-flex wp-container-core-group-is-layout-50214743 wp-block-group-is-layout-flex\" style=\"border-radius:16px;padding-top:30px;padding-right:30px;padding-bottom:30px;padding-left:30px\">\n<div class=\"wp-block-group sm-card-text-container has-global-padding is-layout-constrained wp-block-group-is-layout-constrained\">\n<h4 class=\"wp-block-heading has-black-color has-text-color has-link-color has-headine-h-3-font-size wp-elements-6c1bcd360221b04f7c87108da81de0cf\">01<\/h4>\n\n\n\n<h4 class=\"wp-block-heading has-black-color has-text-color has-link-color has-xlarge-font-size wp-elements-7d000a021dfe6fdebf781f1d8a05fe48\">Retrasar el primer m\u00f3vil con internet<\/h4>\n\n\n\n<p class=\"has-black-color has-text-color has-link-color has-normal-font-size wp-elements-482c36993da5728bea0c6d22d1a1d91e\">Si lo que desea es poder contactar con el hijo o hija cuando no se encuentra con usted, es preferible comprar un m\u00f3vil no inteligente (tipo Nokia) antes que darles un smartphone.<\/p>\n<\/div>\n\n\n\n<figure class=\"wp-block-image size-full sm-image-container\"><img decoding=\"async\" src=\"https:\/\/somconnexio.codeccoop.org\/wp-content\/uploads\/2025\/12\/nino-triste-mira-movil-tachado.svg\" alt=\"\" class=\"wp-image-27710\" style=\"object-fit:contain\"\/><\/figure>\n<\/div>\n\n\n\n<div class=\"wp-block-group wpct-block-slider-row-step sc-card-min-height has-yellow-orange-background-color has-background is-nowrap is-layout-flex wp-container-core-group-is-layout-50214743 wp-block-group-is-layout-flex\" style=\"border-radius:16px;padding-top:30px;padding-right:30px;padding-bottom:30px;padding-left:30px\">\n<div class=\"wp-block-group has-global-padding is-layout-constrained wp-block-group-is-layout-constrained\">\n<h4 class=\"wp-block-heading has-black-color has-text-color has-link-color has-headine-h-3-font-size wp-elements-ee36af04057f7c6b24f73b7b4b637371\">02<\/h4>\n\n\n\n<h4 class=\"wp-block-heading has-black-color has-text-color has-link-color has-xlarge-font-size wp-elements-293666f9f4c8be521f4735eac56f227e\">Supervisi\u00f3n familiar<\/h4>\n\n\n\n<p class=\"has-black-color has-text-color has-link-color has-normal-font-size wp-elements-1195c78a90677ad1ff36a247ce75239a\">El uso de internet conviene que sea acompa\u00f1ado y en apps y p\u00e1ginas web consensuadas por la familia.<\/p>\n<\/div>\n\n\n\n<figure class=\"wp-block-image size-full is-resized\"><img loading=\"lazy\" decoding=\"async\" width=\"204\" height=\"258\" src=\"https:\/\/somconnexio.codeccoop.org\/wp-content\/uploads\/2024\/10\/Misc-1.png\" alt=\"\" class=\"wp-image-21653\" style=\"object-fit:contain;width:201px;height:209px\"\/><\/figure>\n<\/div>\n\n\n\n<div class=\"wp-block-group wpct-block-slider-row-step sc-card-min-height has-apple-background-color has-background is-nowrap is-layout-flex wp-container-core-group-is-layout-50214743 wp-block-group-is-layout-flex\" style=\"border-radius:16px;padding-top:30px;padding-right:30px;padding-bottom:30px;padding-left:30px\">\n<div class=\"wp-block-group has-global-padding is-layout-constrained wp-block-group-is-layout-constrained\">\n<h4 class=\"wp-block-heading has-black-color has-text-color has-link-color has-headine-h-3-font-size wp-elements-9238a664483f00356d49355599308da0\">03<\/h4>\n\n\n\n<h4 class=\"wp-block-heading has-black-color has-text-color has-link-color has-xlarge-font-size wp-elements-c854792ee2e349fd75643e3439834d5c\">Acordar horarios<\/h4>\n\n\n\n<p class=\"has-black-color has-text-color has-link-color has-normal-font-size wp-elements-bfb81eeba2f36e9bcba7129728b3e981\">En caso de que se opte por un dispositivo inteligente que podr\u00e1 conectarse a internet por wifi, acordar horarios y evitar el uso durante las comidas o antes de acostarse.<\/p>\n<\/div>\n\n\n\n<figure class=\"wp-block-image size-full is-resized\"><img decoding=\"async\" src=\"https:\/\/somconnexio.codeccoop.org\/wp-content\/uploads\/2025\/12\/timer.svg\" alt=\"\" class=\"wp-image-27645\" style=\"object-fit:contain;width:152px;height:209px\"\/><\/figure>\n<\/div>\n\n\n\n<div class=\"wp-block-group wpct-block-slider-row-step sc-card-min-height has-primary-background-color has-background is-nowrap is-layout-flex wp-container-core-group-is-layout-50214743 wp-block-group-is-layout-flex\" style=\"border-radius:16px;padding-top:30px;padding-right:30px;padding-bottom:30px;padding-left:30px\">\n<div class=\"wp-block-group has-global-padding is-layout-constrained wp-block-group-is-layout-constrained\">\n<h4 class=\"wp-block-heading has-black-color has-text-color has-link-color has-headine-h-3-font-size wp-elements-a9b05690c771b0069a3bf3816f58af0c\">04<\/h4>\n\n\n\n<h4 class=\"wp-block-heading has-black-color has-text-color has-link-color has-xlarge-font-size wp-elements-518b8c6ce605d4768549327b48d48736\">Evitar el uso de redes sociales<\/h4>\n\n\n\n<p class=\"has-black-color has-text-color has-link-color has-normal-font-size wp-elements-43973e0b1e9e092c2cefc6e676b91c54\">Se desaconseja especialmente el uso de redes sociales dado que est\u00e1n dise\u00f1adas para generar adicciones y problemas de autoestima.<\/p>\n<\/div>\n\n\n\n<figure class=\"wp-block-image size-full is-resized sm-image-container-mobile\"><img decoding=\"async\" src=\"https:\/\/somconnexio.codeccoop.org\/wp-content\/uploads\/2025\/12\/movil-fuera-de-cobertura.svg\" alt=\"\" class=\"wp-image-27647\" style=\"object-fit:contain;width:186px;height:209px\"\/><\/figure>\n<\/div>\n<\/div>\n<\/div>\n\n\n\n<div class=\"wp-block-group alignfull has-seashell-background-color has-background wp-container-content-958eb9dc is-content-justification-space-between is-nowrap is-layout-flex wp-container-core-group-is-layout-e1374a53 wp-block-group-is-layout-flex\" id=\"contact-box-container\" style=\"border-radius:0px;padding-right:32px;padding-bottom:110px;padding-left:32px\">\n<div class=\"wp-block-group wp-container-content-d991fbac has-global-padding is-content-justification-left is-layout-constrained wp-container-core-group-is-layout-12dd3699 wp-block-group-is-layout-constrained\">\n<div class=\"wp-block-group alignfull is-content-justification-center is-nowrap is-layout-flex wp-container-core-group-is-layout-23441af8 wp-block-group-is-layout-flex\" id=\"row-links\">\n<div id=\"row-link\" class=\"wp-block-group has-white-background-color has-background wp-container-content-0733e5d0 is-vertical is-layout-flex wp-container-core-group-is-layout-d2f6582b wp-block-group-is-layout-flex\" style=\"border-radius:16px;padding-top:24px;padding-right:24px;padding-bottom:24px;padding-left:24px\">\n<div class=\"wp-block-group is-nowrap is-layout-flex wp-container-core-group-is-layout-6c531013 wp-block-group-is-layout-flex\">\n<p class=\"sc-link underline\" style=\"font-style:normal;font-weight:600;text-decoration:underline\"><a href=\"https:\/\/somconnexio.coop\/es\/educacion\/llega-la-guia-para-familias-crueles-y-malvadas-en-version-digital\/\" target=\"_blank\" rel=\"noreferrer noopener\">Descargar la gu\u00eda para una introducci\u00f3n progresiva del m\u00f3vil<\/a><\/p>\n<\/div>\n\n\n\n<div class=\"wp-block-group is-nowrap is-layout-flex wp-container-core-group-is-layout-6c531013 wp-block-group-is-layout-flex\">\n<p class=\"sc-link underline\" style=\"font-style:normal;font-weight:600;text-decoration:underline\"><a href=\"https:\/\/somconnexio.local\/preguntes\/#\/faqs\/mobile\/contractar_dades_addicionals_2\"><\/a><a href=\"https:\/\/somconnexio.coop\/wp-content\/uploads\/2025\/06\/plantilla-pacto-uso-2.pdf\" target=\"_blank\" rel=\"noreferrer noopener\">Descargar el pacto de uso para anotar los acuerdos<\/a><\/p>\n<\/div>\n<\/div>\n<\/div>\n<\/div>\n<\/div>\n\n\n\n<div class=\"wp-block-group alignfull family-pack-box-info-brown has-global-padding is-layout-constrained wp-container-core-group-is-layout-704e782a wp-block-group-is-layout-constrained\" id=\"sc-layout\">\n<div style=\"height:60px\" aria-hidden=\"true\" class=\"wp-block-spacer\"><\/div>\n\n\n\n<div class=\"wp-block-group family-pack-color-box-info has-tan-background-color has-background has-global-padding is-layout-constrained wp-container-core-group-is-layout-acfa9984 wp-block-group-is-layout-constrained\" style=\"border-radius:16px;padding-top:60px;padding-right:60px;padding-bottom:60px;padding-left:60px\">\n<div class=\"wp-block-columns is-layout-flex wp-container-core-columns-is-layout-28f84493 wp-block-columns-is-layout-flex\">\n<div class=\"wp-block-column is-layout-flow wp-block-column-is-layout-flow\" style=\"flex-basis:70%\">\n<h2 class=\"wp-block-heading family-pack-h2\">Espacio de participaci\u00f3n para familias<\/h2>\n\n\n\n<p class=\"has-large-font-size\">Uni\u00e9ndote a Somos Conexi\u00f3n, adem\u00e1s, tendr\u00e1s acceso al espacio de participaci\u00f3n para familias, con talleres exclusivos, foros de apoyo mutuo y otros recursos.<\/p>\n<\/div>\n\n\n\n<div class=\"wp-block-column is-layout-flow wp-block-column-is-layout-flow\" style=\"flex-basis:30%\">\n<figure class=\"wp-block-image alignright size-full is-resized\"><img loading=\"lazy\" decoding=\"async\" width=\"247\" height=\"289\" src=\"https:\/\/somconnexio.codeccoop.org\/wp-content\/uploads\/2025\/01\/Misc-2.png\" alt=\"\" class=\"wp-image-22762\" style=\"width:247px;height:auto\"\/><\/figure>\n<\/div>\n<\/div>\n<\/div>\n<\/div>\n\n\n\n<div class=\"wp-block-group alignfull has-global-padding is-layout-constrained wp-block-group-is-layout-constrained\" id=\"sc-layout\">\n<h2 class=\"wp-block-heading has-text-align-center\">Preguntas frecuentes<\/h2>\n\n\n\n<div class=\"wp-block-wpct-block-accordion alignfull wpct-block-accordion has-base-background-color has-background is-layout-flex wp-block-accordion-is-layout-flex\" id=\"community-internet\" data-animate=\"true\" data-collapsible=\"true\" data-event=\"click\" data-height=\"content\">\n<div class=\"wp-block-wpct-block-accordion-section wpct-block-accordion-section is-layout-flex wp-block-accordion-section-is-layout-flex\" style=\"border-radius:16px\">\n<div class=\"wp-block-group has-seashell-background-color has-background has-global-padding is-layout-constrained wp-block-group-is-layout-constrained\" style=\"border-radius:16px\">\n<div class=\"wp-block-group alignfull wpct-accordion-header has-seashell-background-color has-background has-global-padding is-layout-constrained wp-container-core-group-is-layout-7e9b7ed7 wp-block-group-is-layout-constrained\" style=\"padding-top:0;padding-right:56px;padding-bottom:0;padding-left:var(--wp--preset--spacing--70)\">\n<h3 class=\"wp-block-heading alignfull has-black-color has-text-color has-link-color wp-elements-d6f82ff7264acc1a1344703e80c885f2\">\u00bfC\u00f3mo puedo saber si esa tarifa es suficiente para mi hijo o hija?<\/h3>\n<\/div>\n\n\n\n<div class=\"wp-block-group alignfull wpct-accordion-content has-seashell-background-color has-background has-global-padding is-layout-constrained wp-block-group-is-layout-constrained\" style=\"padding-bottom:0\">\n<div style=\"height:30px\" aria-hidden=\"true\" class=\"wp-block-spacer\"><\/div>\n\n\n\n<p>Esta tarifa est\u00e1 pensada para ni\u00f1os o adolescentes que necesitan comunicaci\u00f3n b\u00e1sica sin conexi\u00f3n a Internet m\u00f3vil. Es adecuada si necesita que el ni\u00f1o pueda llamar por emergencias o coordinaci\u00f3n familiar, pero desea retrasar el acceso a un smartphone completo.<\/p>\n\n\n\n<div style=\"height:10px\" aria-hidden=\"true\" class=\"wp-block-spacer\"><\/div>\n\n\n\n<div class=\"wp-block-group alignfull is-nowrap is-layout-flex wp-container-core-group-is-layout-6c531013 wp-block-group-is-layout-flex\">\n<p class=\"sc-link\" style=\"font-style:normal;font-weight:600;text-decoration:underline\"><\/p>\n<\/div>\n\n\n\n<div style=\"height:30px\" aria-hidden=\"true\" class=\"wp-block-spacer\"><\/div>\n<\/div>\n<\/div>\n<\/div>\n\n\n\n<div class=\"wp-block-wpct-block-accordion-section wpct-block-accordion-section is-layout-flex wp-block-accordion-section-is-layout-flex\" style=\"border-radius:16px\">\n<div class=\"wp-block-group has-seashell-background-color has-background has-global-padding is-layout-constrained wp-block-group-is-layout-constrained\" style=\"border-radius:16px\">\n<div class=\"wp-block-group alignfull wpct-accordion-header has-seashell-background-color has-background has-global-padding is-layout-constrained wp-container-core-group-is-layout-7e9b7ed7 wp-block-group-is-layout-constrained\" style=\"padding-top:0;padding-right:56px;padding-bottom:0;padding-left:var(--wp--preset--spacing--70)\">\n<h3 class=\"wp-block-heading alignfull has-black-color has-text-color has-link-color wp-elements-53a2cc22b07d51bdc9a436e0f65d69d0\"><strong>\u00bfCu\u00e1ntas l\u00edneas de m\u00f3vil para adolescentes puedo contratar?<\/strong><\/h3>\n<\/div>\n\n\n\n<div class=\"wp-block-group alignfull wpct-accordion-content has-seashell-background-color has-background has-global-padding is-layout-constrained wp-block-group-is-layout-constrained\" style=\"padding-bottom:0\">\n<div style=\"height:30px\" aria-hidden=\"true\" class=\"wp-block-spacer\"><\/div>\n\n\n\n<p>Cada titular puede tener hasta 2 l\u00edneas de m\u00f3vil con tarifa 0GB por 1\u20ac. Recuerda que tambi\u00e9n es necesario tener una fibra activa.<\/p>\n\n\n\n<div style=\"height:10px\" aria-hidden=\"true\" class=\"wp-block-spacer\"><\/div>\n\n\n\n<div class=\"wp-block-group alignfull is-nowrap is-layout-flex wp-container-core-group-is-layout-6c531013 wp-block-group-is-layout-flex\">\n<p class=\"sc-link\" style=\"font-style:normal;font-weight:600;text-decoration:underline\"><\/p>\n<\/div>\n\n\n\n<div style=\"height:30px\" aria-hidden=\"true\" class=\"wp-block-spacer\"><\/div>\n<\/div>\n<\/div>\n<\/div>\n\n\n\n<div class=\"wp-block-wpct-block-accordion-section wpct-block-accordion-section is-layout-flex wp-block-accordion-section-is-layout-flex\" style=\"border-radius:16px\">\n<div class=\"wp-block-group has-seashell-background-color has-background has-global-padding is-layout-constrained wp-block-group-is-layout-constrained\" style=\"border-radius:16px\">\n<div class=\"wp-block-group alignfull wpct-accordion-header has-seashell-background-color has-background has-global-padding is-layout-constrained wp-container-core-group-is-layout-7e9b7ed7 wp-block-group-is-layout-constrained\" style=\"padding-top:0;padding-right:56px;padding-bottom:0;padding-left:var(--wp--preset--spacing--70)\">\n<h3 class=\"wp-block-heading alignfull has-black-color has-text-color has-link-color wp-elements-93b2c053a90ad432fb504508adfee1e0\"><strong><strong><strong><strong><strong>\u00bfQu\u00e9 tel\u00e9fono recomend\u00e1is para disfrutar de la tarifa 0 GB?<\/strong><\/strong><\/strong><\/strong><\/strong><\/h3>\n<\/div>\n\n\n\n<div class=\"wp-block-group alignfull wpct-accordion-content has-seashell-background-color has-background has-global-padding is-layout-constrained wp-block-group-is-layout-constrained\" style=\"padding-bottom:0\">\n<div style=\"height:30px\" aria-hidden=\"true\" class=\"wp-block-spacer\"><\/div>\n\n\n\n<p>Recomendamos un tel\u00e9fono sin conexi\u00f3n a Internet ni aplicaciones, es decir, un dispositivo que no sea smartphone como los que ten\u00edamos antes. Una segunda opci\u00f3n es el Balance Phone: un dispositivo con las apps y sitios web adictivos bloqueados.<\/p>\n\n\n\n<div style=\"height:10px\" aria-hidden=\"true\" class=\"wp-block-spacer\"><\/div>\n\n\n\n<div class=\"wp-block-group alignfull is-nowrap is-layout-flex wp-container-core-group-is-layout-6c531013 wp-block-group-is-layout-flex\">\n<p class=\"sc-link\" style=\"font-style:normal;font-weight:600;text-decoration:underline\"><\/p>\n<\/div>\n\n\n\n<div style=\"height:30px\" aria-hidden=\"true\" class=\"wp-block-spacer\"><\/div>\n<\/div>\n<\/div>\n<\/div>\n\n\n\n<div class=\"wp-block-wpct-block-accordion-section wpct-block-accordion-section is-layout-flex wp-block-accordion-section-is-layout-flex\" style=\"border-radius:16px\">\n<div class=\"wp-block-group has-seashell-background-color has-background has-global-padding is-layout-constrained wp-block-group-is-layout-constrained\" style=\"border-radius:16px\">\n<div class=\"wp-block-group alignfull wpct-accordion-header has-seashell-background-color has-background has-global-padding is-layout-constrained wp-container-core-group-is-layout-7e9b7ed7 wp-block-group-is-layout-constrained\" style=\"padding-top:0;padding-right:56px;padding-bottom:0;padding-left:var(--wp--preset--spacing--70)\">\n<h3 class=\"wp-block-heading alignfull has-black-color has-text-color has-link-color wp-elements-dc39c10d237949ecf94aa895b3ac2553\"><strong>\u00bfA qu\u00e9 edad recomend\u00e1is dar un smartphone a las hijas o hijos?<\/strong><\/h3>\n<\/div>\n\n\n\n<div class=\"wp-block-group alignfull wpct-accordion-content has-seashell-background-color has-background has-global-padding is-layout-constrained wp-block-group-is-layout-constrained\" style=\"padding-bottom:0\">\n<div style=\"height:30px\" aria-hidden=\"true\" class=\"wp-block-spacer\"><\/div>\n\n\n\n<p style=\"margin-right:0px;margin-left:0px\">Aunque no existe una edad determinada sino que depender\u00e1 de la madurez del ni\u00f1o y de las necesidades de la familia, la mayor\u00eda de expertos coinciden en recomendar retrasar la entrega de un smartphone propio a los 16 a\u00f1os.<\/p>\n\n\n\n<p><\/p>\n\n\n\n<p>Sin embargo, muchas familias optan por dar el m\u00f3vil a los 12 a\u00f1os, con el paso al instituto, para poder comunicarse con el hijo o hija. Esta tarifa est\u00e1 pensada para ese momento ya que ofrece minutos para poder llamar a la familia.<\/p>\n\n\n\n<p><\/p>\n\n\n\n<p>Si quieres seguir el paso a paso que recomiendan desde Som Connexi\u00f3, puedes descargarte la gu\u00eda para una introducci\u00f3n progresiva del primer m\u00f3vil.<\/p>\n\n\n\n<div style=\"height:20px\" aria-hidden=\"true\" class=\"wp-block-spacer\"><\/div>\n\n\n\n<div class=\"wp-block-group alignfull is-nowrap is-layout-flex wp-container-core-group-is-layout-6c531013 wp-block-group-is-layout-flex\">\n<p class=\"sc-link\" style=\"font-style:normal;font-weight:600;text-decoration:underline\"><\/p>\n<\/div>\n\n\n\n<div style=\"height:30px\" aria-hidden=\"true\" class=\"wp-block-spacer\"><\/div>\n<\/div>\n<\/div>\n<\/div>\n\n\n\n<div class=\"wp-block-wpct-block-accordion-section wpct-block-accordion-section is-layout-flex wp-block-accordion-section-is-layout-flex\" style=\"border-radius:16px\">\n<div class=\"wp-block-group has-seashell-background-color has-background has-global-padding is-layout-constrained wp-block-group-is-layout-constrained\" style=\"border-radius:16px\">\n<div class=\"wp-block-group alignfull wpct-accordion-header has-seashell-background-color has-background has-global-padding is-layout-constrained wp-container-core-group-is-layout-7e9b7ed7 wp-block-group-is-layout-constrained\" style=\"padding-top:0;padding-right:56px;padding-bottom:0;padding-left:var(--wp--preset--spacing--70)\">\n<h3 class=\"wp-block-heading alignfull has-black-color has-text-color has-link-color wp-elements-7f142f9943e1f3dfe0ef7a8899dac857\"><strong><strong><strong><strong><strong><strong>Si mi hijo o hija tiene un smartphone, \u00bfc\u00f3mo puedo protegerlo cuando se conecta a redes wifi?<\/strong><\/strong><\/strong><\/strong><\/strong><\/strong><\/h3>\n<\/div>\n\n\n\n<div class=\"wp-block-group alignfull wpct-accordion-content has-seashell-background-color has-background has-global-padding is-layout-constrained wp-block-group-is-layout-constrained\" style=\"padding-bottom:0\">\n<div style=\"height:30px\" aria-hidden=\"true\" class=\"wp-block-spacer\"><\/div>\n\n\n\n<p>Si optas por un smartphone para tu hijo o hija, tienes varias opciones para a\u00f1adir una capa de protecci\u00f3n. Estas medidas se engloban en dos categor\u00edas:<\/p>\n\n\n\n<ul class=\"wp-block-list\">\n<li>Protecci\u00f3n a trav\u00e9s del dispositivo m\u00f3vil (<a href=\"https:\/\/somconnexio.coop\/es\/preguntas\/#\/faqs\/mobile_conf\/com_protegir_el_dispositiu_del_meu_fill_o_filla_configuracio_mobil\">ver informaci\u00f3n<\/a>)<\/li>\n\n\n\n<li>Protecci\u00f3n a trav\u00e9s de la configuraci\u00f3n del router (<a href=\"https:\/\/somconnexio.coop\/es\/preguntas\/#\/faqs\/internet\/com_protegir_la_xarxa_wifi_de_continguts_nocius_internet\">ver informaci\u00f3n<\/a>).<\/li>\n<\/ul>\n\n\n\n<div style=\"height:10px\" aria-hidden=\"true\" class=\"wp-block-spacer\"><\/div>\n\n\n\n<div class=\"wp-block-group alignfull is-nowrap is-layout-flex wp-container-core-group-is-layout-6c531013 wp-block-group-is-layout-flex\">\n<p class=\"sc-link\" style=\"font-style:normal;font-weight:600;text-decoration:underline\"><\/p>\n<\/div>\n\n\n\n<div style=\"height:30px\" aria-hidden=\"true\" class=\"wp-block-spacer\"><\/div>\n<\/div>\n<\/div>\n<\/div>\n\n\n\n<div class=\"wp-block-wpct-block-accordion-section wpct-block-accordion-section is-layout-flex wp-block-accordion-section-is-layout-flex\" style=\"border-radius:16px\">\n<div class=\"wp-block-group has-seashell-background-color has-background has-global-padding is-layout-constrained wp-block-group-is-layout-constrained\" style=\"border-radius:16px\">\n<div class=\"wp-block-group alignfull wpct-accordion-header has-seashell-background-color has-background has-global-padding is-layout-constrained wp-container-core-group-is-layout-7e9b7ed7 wp-block-group-is-layout-constrained\" style=\"padding-top:0;padding-right:56px;padding-bottom:0;padding-left:var(--wp--preset--spacing--70)\">\n<h3 class=\"wp-block-heading alignfull has-black-color has-text-color has-link-color wp-elements-f7eb433ad1665ba27a95dc65444e5fa0\"><strong><strong><strong>\u00bfC\u00f3mo puedo cambiar de la tarifa 0GB a otra?<\/strong><\/strong><\/strong><\/h3>\n<\/div>\n\n\n\n<div class=\"wp-block-group alignfull wpct-accordion-content has-seashell-background-color has-background has-global-padding is-layout-constrained wp-block-group-is-layout-constrained\" style=\"padding-bottom:0\">\n<div style=\"height:30px\" aria-hidden=\"true\" class=\"wp-block-spacer\"><\/div>\n\n\n\n<p>Si crees que tu hijo tiene la madurez necesaria para tener una tarifa con gigas, Som Connexi\u00f3 cuenta con tarifas de 1GB y 5GB ideales para empezar. Para realizar el cambio deber\u00e1s escribirnos a <a href=\"mailto:servicios@somosconexion.coop\">servicios@somosconexion.coop<\/a> indicando la tarifa que quieres. Si no nos indicas que quieres quitar las dem\u00e1s limitaciones (l\u00edmite de consumo a 5\u20ac, SMS salientes desactivados, etc.) las mantendremos.<\/p>\n\n\n\n<div style=\"height:10px\" aria-hidden=\"true\" class=\"wp-block-spacer\"><\/div>\n\n\n\n<div class=\"wp-block-group alignfull is-nowrap is-layout-flex wp-container-core-group-is-layout-6c531013 wp-block-group-is-layout-flex\">\n<p class=\"sc-link\" style=\"font-style:normal;font-weight:600;text-decoration:underline\"><\/p>\n<\/div>\n\n\n\n<div style=\"height:30px\" aria-hidden=\"true\" class=\"wp-block-spacer\"><\/div>\n<\/div>\n<\/div>\n<\/div>\n\n\n\n<div class=\"wp-block-wpct-block-accordion-section wpct-block-accordion-section is-layout-flex wp-block-accordion-section-is-layout-flex\" style=\"border-radius:16px\">\n<div class=\"wp-block-group has-seashell-background-color has-background has-global-padding is-layout-constrained wp-block-group-is-layout-constrained\" style=\"border-radius:16px\">\n<div class=\"wp-block-group alignfull wpct-accordion-header has-seashell-background-color has-background has-global-padding is-layout-constrained wp-container-core-group-is-layout-7e9b7ed7 wp-block-group-is-layout-constrained\" style=\"padding-top:0;padding-right:56px;padding-bottom:0;padding-left:var(--wp--preset--spacing--70)\">\n<h3 class=\"wp-block-heading alignfull has-black-color has-text-color has-link-color wp-elements-1d8bfc5d0227d40fda04a9092a29562c\"><strong><strong><strong><strong>\u00bfSe pueden a\u00f1adir datos puntualmente a esta tarifa?<\/strong><\/strong><\/strong><\/strong><\/h3>\n<\/div>\n\n\n\n<div class=\"wp-block-group alignfull wpct-accordion-content has-seashell-background-color has-background has-global-padding is-layout-constrained wp-block-group-is-layout-constrained\" style=\"padding-bottom:0\">\n<div style=\"height:30px\" aria-hidden=\"true\" class=\"wp-block-spacer\"><\/div>\n\n\n\n<p>S\u00ed se pueden a\u00f1adir datos, aunque el proceso es algo m\u00e1s largo, ya que la opci\u00f3n est\u00e1 desactivada en la Oficina Virtual. Primero deber\u00e1s escribirnos a serveis@somconnexio.coop indicando que quieres eliminar esta limitaci\u00f3n y cuando te avisemos, ya podr\u00e1s a\u00f1adir datos a trav\u00e9s de la Oficina Virtual. Si quieres que la l\u00ednea vuelva a estar protegida m\u00e1s adelante, tendr\u00e1s que volver a escribir un correo.<\/p>\n\n\n\n<div style=\"height:10px\" aria-hidden=\"true\" class=\"wp-block-spacer\"><\/div>\n\n\n\n<div class=\"wp-block-group alignfull is-nowrap is-layout-flex wp-container-core-group-is-layout-6c531013 wp-block-group-is-layout-flex\">\n<p class=\"sc-link\" style=\"font-style:normal;font-weight:600;text-decoration:underline\"><\/p>\n<\/div>\n\n\n\n<div style=\"height:30px\" aria-hidden=\"true\" class=\"wp-block-spacer\"><\/div>\n<\/div>\n<\/div>\n<\/div>\n\n\n\n<div class=\"wp-block-wpct-block-accordion-section wpct-block-accordion-section is-layout-flex wp-block-accordion-section-is-layout-flex\" style=\"border-radius:16px\">\n<div class=\"wp-block-group has-seashell-background-color has-background has-global-padding is-layout-constrained wp-block-group-is-layout-constrained\" style=\"border-radius:16px\">\n<div class=\"wp-block-group alignfull wpct-accordion-header has-seashell-background-color has-background has-global-padding is-layout-constrained wp-container-core-group-is-layout-7e9b7ed7 wp-block-group-is-layout-constrained\" style=\"padding-top:0;padding-right:56px;padding-bottom:0;padding-left:var(--wp--preset--spacing--70)\">\n<h3 class=\"wp-block-heading alignfull has-black-color has-text-color has-link-color wp-elements-983ad3adefa09e67d3f692bcd28950d8\">\u00bfEsta tarifa es adecuada para relojes inteligentes?<\/h3>\n<\/div>\n\n\n\n<div class=\"wp-block-group alignfull wpct-accordion-content has-seashell-background-color has-background has-global-padding is-layout-constrained wp-block-group-is-layout-constrained\" style=\"padding-bottom:0\">\n<div style=\"height:30px\" aria-hidden=\"true\" class=\"wp-block-spacer\"><\/div>\n\n\n\n<p>Depende del modelo del smartwhatch. La mayor\u00eda de relojes inteligentes para ni\u00f1os necesitan datos m\u00f3viles para funcionar (GPS, aplicaci\u00f3n asociada\u2026). Si el reloj s\u00f3lo utiliza llamadas de voz, podr\u00eda funcionar esta tarifa. Recomendamos revisar las especificaciones del dispositivo.<\/p>\n\n\n\n<div style=\"height:20px\" aria-hidden=\"true\" class=\"wp-block-spacer\"><\/div>\n\n\n\n<div class=\"wp-block-group alignfull is-nowrap is-layout-flex wp-container-core-group-is-layout-6c531013 wp-block-group-is-layout-flex\">\n<p class=\"sc-link\" style=\"font-style:normal;font-weight:600;text-decoration:underline\"><\/p>\n<\/div>\n\n\n\n<div style=\"height:30px\" aria-hidden=\"true\" class=\"wp-block-spacer\"><\/div>\n<\/div>\n<\/div>\n<\/div>\n\n\n\n<div class=\"wp-block-wpct-block-accordion-section wpct-block-accordion-section is-layout-flex wp-block-accordion-section-is-layout-flex\" style=\"border-radius:16px\">\n<div class=\"wp-block-group has-seashell-background-color has-background has-global-padding is-layout-constrained wp-block-group-is-layout-constrained\" style=\"border-radius:16px\">\n<div class=\"wp-block-group alignfull wpct-accordion-header has-seashell-background-color has-background has-global-padding is-layout-constrained wp-container-core-group-is-layout-7e9b7ed7 wp-block-group-is-layout-constrained\" style=\"padding-top:0;padding-right:56px;padding-bottom:0;padding-left:var(--wp--preset--spacing--70)\">\n<h3 class=\"wp-block-heading alignfull has-black-color has-text-color has-link-color wp-elements-eec27affbde1469561fc6806cfc5bf9c\"><strong><strong>\u00bfQu\u00e9 pasa si doy de baja la fibra?<\/strong><\/strong><\/h3>\n<\/div>\n\n\n\n<div class=\"wp-block-group alignfull wpct-accordion-content has-seashell-background-color has-background has-global-padding is-layout-constrained wp-block-group-is-layout-constrained\" style=\"padding-bottom:0\">\n<div style=\"height:30px\" aria-hidden=\"true\" class=\"wp-block-spacer\"><\/div>\n\n\n\n<p>La l\u00ednea pasar\u00e1 a costar el precio vigente de una l\u00ednea de m\u00f3vil 0 GB normal pero mantendr\u00e1 la protecci\u00f3n propia de este tipo de l\u00edneas (roaming desactivado, etc.) Si quieres eliminar la protecci\u00f3n de esta l\u00ednea debes escribir a <a href=\"mailto:servicios@somosconexion.coop\">servicios@somosconexion.coop<\/a>.<\/p>\n\n\n\n<div style=\"height:10px\" aria-hidden=\"true\" class=\"wp-block-spacer\"><\/div>\n\n\n\n<div class=\"wp-block-group alignfull is-nowrap is-layout-flex wp-container-core-group-is-layout-6c531013 wp-block-group-is-layout-flex\">\n<p class=\"sc-link\" style=\"font-style:normal;font-weight:600;text-decoration:underline\"><\/p>\n<\/div>\n\n\n\n<div style=\"height:30px\" aria-hidden=\"true\" class=\"wp-block-spacer\"><\/div>\n<\/div>\n<\/div>\n<\/div>\n\n\n\n<div class=\"wp-block-wpct-block-accordion-section wpct-block-accordion-section is-layout-flex wp-block-accordion-section-is-layout-flex\" style=\"border-radius:16px\">\n<div class=\"wp-block-group has-seashell-background-color has-background has-global-padding is-layout-constrained wp-block-group-is-layout-constrained\" style=\"border-radius:16px\">\n<div class=\"wp-block-group alignfull wpct-accordion-header has-seashell-background-color has-background has-global-padding is-layout-constrained wp-container-core-group-is-layout-7e9b7ed7 wp-block-group-is-layout-constrained\" style=\"padding-top:0;padding-right:56px;padding-bottom:0;padding-left:var(--wp--preset--spacing--70)\">\n<h3 class=\"wp-block-heading alignfull has-black-color has-text-color has-link-color wp-elements-4be0caa9209a60216bd567f5bc185352\">\u00bfSe puede utilizar esta l\u00ednea en el extranjero?<\/h3>\n<\/div>\n\n\n\n<div class=\"wp-block-group alignfull wpct-accordion-content has-seashell-background-color has-background has-global-padding is-layout-constrained wp-block-group-is-layout-constrained\" style=\"padding-bottom:0\">\n<div style=\"height:30px\" aria-hidden=\"true\" class=\"wp-block-spacer\"><\/div>\n\n\n\n<p>No. El roaming est\u00e1 desactivado por defecto en esta tarifa para evitar riesgos y sobrecostes. En caso de necesidad puntual, se puede pedir su activaci\u00f3n escribiendo a <a href=\"mailto:servicios@somosconexion.coop\">servicios@somosconexion.coop<\/a>.<\/p>\n\n\n\n<div style=\"height:10px\" aria-hidden=\"true\" class=\"wp-block-spacer\"><\/div>\n\n\n\n<div class=\"wp-block-group alignfull is-nowrap is-layout-flex wp-container-core-group-is-layout-6c531013 wp-block-group-is-layout-flex\">\n<p class=\"sc-link\" style=\"font-style:normal;font-weight:600;text-decoration:underline\"><\/p>\n<\/div>\n\n\n\n<div style=\"height:30px\" aria-hidden=\"true\" class=\"wp-block-spacer\"><\/div>\n<\/div>\n<\/div>\n<\/div>\n\n\n\n<div class=\"wp-block-wpct-block-accordion-section wpct-block-accordion-section is-layout-flex wp-block-accordion-section-is-layout-flex\" style=\"border-radius:16px\">\n<div class=\"wp-block-group has-seashell-background-color has-background has-global-padding is-layout-constrained wp-block-group-is-layout-constrained\" style=\"border-radius:16px\">\n<div class=\"wp-block-group alignfull wpct-accordion-header has-seashell-background-color has-background has-global-padding is-layout-constrained wp-container-core-group-is-layout-7e9b7ed7 wp-block-group-is-layout-constrained\" style=\"padding-top:0;padding-right:56px;padding-bottom:0;padding-left:var(--wp--preset--spacing--70)\">\n<h3 class=\"wp-block-heading alignfull has-black-color has-text-color has-link-color wp-elements-957af174c911b8659e8aef6cee474a68\"><strong>\u00bfHasta qu\u00e9 edad se puede mantener la tarifa de 0GB?<\/strong><\/h3>\n<\/div>\n\n\n\n<div class=\"wp-block-group alignfull wpct-accordion-content has-seashell-background-color has-background has-global-padding is-layout-constrained wp-block-group-is-layout-constrained\" style=\"padding-bottom:0\">\n<div style=\"height:30px\" aria-hidden=\"true\" class=\"wp-block-spacer\"><\/div>\n\n\n\n<p>No existe una edad l\u00edmite, sino que depender\u00e1 de la madurez del ni\u00f1o y de las necesidades de la familia. Si no se solicita el cambio, Som Connexi\u00f3 mantendr\u00e1 las condiciones de la tarifa indefinidamente.<\/p>\n\n\n\n<div style=\"height:20px\" aria-hidden=\"true\" class=\"wp-block-spacer\"><\/div>\n\n\n\n<div class=\"wp-block-group alignfull is-nowrap is-layout-flex wp-container-core-group-is-layout-6c531013 wp-block-group-is-layout-flex\">\n<p class=\"sc-link\" style=\"font-style:normal;font-weight:600;text-decoration:underline\"><\/p>\n<\/div>\n\n\n\n<div style=\"height:30px\" aria-hidden=\"true\" class=\"wp-block-spacer\"><\/div>\n<\/div>\n<\/div>\n<\/div>\n<\/div>\n<\/div>\n<\/div>\n","protected":false},"excerpt":{"rendered":"<p>Tarifas sin datos para adolescentes Tarifas sin datos para adolescentes A\u00f1ade una linea con 0GB y 150 minutos por s\u00f3lo 1\u20ac No encuentras tu tarifa ideal? Tambi\u00e9n puedes seleccionar cualquier otra fibra o paquete y a\u00f1adir 1 o 2 l\u00edneas de 0GB por s\u00f3lo 1\u20ac. *Si ya tienes una fibra activa, pide tus l\u00edneas de [&hellip;]<\/p>\n","protected":false},"author":11,"featured_media":27661,"parent":0,"menu_order":0,"comment_status":"closed","ping_status":"closed","template":"","meta":{"footnotes":""},"class_list":["post-27680","page","type-page","status-publish","has-post-thumbnail","hentry"],"yoast_head":"<!-- This site is optimized with the Yoast SEO plugin v25.1 - https:\/\/yoast.com\/wordpress\/plugins\/seo\/ -->\n<title>Tarifas familias - Somos Conexi\u00f3n<\/title>\n<meta name=\"robots\" content=\"index, follow, max-snippet:-1, max-image-preview:large, max-video-preview:-1\" \/>\n<link rel=\"canonical\" href=\"https:\/\/somconnexio.coop\/es\/tarifas-familias\/\" \/>\n<meta property=\"og:locale\" content=\"es_ES\" \/>\n<meta property=\"og:type\" content=\"article\" \/>\n<meta property=\"og:title\" content=\"Tarifas familias - Somos Conexi\u00f3n\" \/>\n<meta property=\"og:description\" content=\"Tarifas sin datos para adolescentes Tarifas sin datos para adolescentes A\u00f1ade una linea con 0GB y 150 minutos por s\u00f3lo 1\u20ac No encuentras tu tarifa ideal? Tambi\u00e9n puedes seleccionar cualquier otra fibra o paquete y a\u00f1adir 1 o 2 l\u00edneas de 0GB por s\u00f3lo 1\u20ac. *Si ya tienes una fibra activa, pide tus l\u00edneas de [&hellip;]\" \/>\n<meta property=\"og:url\" content=\"https:\/\/somconnexio.coop\/es\/tarifas-familias\/\" \/>\n<meta property=\"og:site_name\" content=\"Somos Conexi\u00f3n\" \/>\n<meta property=\"article:modified_time\" content=\"2026-01-08T12:44:42+00:00\" \/>\n<meta property=\"og:image\" content=\"https:\/\/somconnexio.coop\/wp-content\/uploads\/2025\/12\/Thumb-tarifas-familias-es.png\" \/>\n\t<meta property=\"og:image:width\" content=\"1371\" \/>\n\t<meta property=\"og:image:height\" content=\"720\" \/>\n\t<meta property=\"og:image:type\" content=\"image\/png\" \/>\n<meta name=\"twitter:card\" content=\"summary_large_image\" \/>\n<meta name=\"twitter:label1\" content=\"Tiempo de lectura\" \/>\n\t<meta name=\"twitter:data1\" content=\"9 minutos\" \/>\n<script type=\"application\/ld+json\" class=\"yoast-schema-graph\">{\"@context\":\"https:\/\/schema.org\",\"@graph\":[{\"@type\":\"WebPage\",\"@id\":\"https:\/\/somconnexio.coop\/es\/tarifas-familias\/\",\"url\":\"https:\/\/somconnexio.coop\/es\/tarifas-familias\/\",\"name\":\"Tarifas familias - Somos Conexi\u00f3n\",\"isPartOf\":{\"@id\":\"https:\/\/somconnexio.coop\/#website\"},\"primaryImageOfPage\":{\"@id\":\"https:\/\/somconnexio.coop\/es\/tarifas-familias\/#primaryimage\"},\"image\":{\"@id\":\"https:\/\/somconnexio.coop\/es\/tarifas-familias\/#primaryimage\"},\"thumbnailUrl\":\"https:\/\/somconnexio.coop\/wp-content\/uploads\/2025\/12\/Thumb-tarifas-familias-es.png\",\"datePublished\":\"2025-12-10T14:24:08+00:00\",\"dateModified\":\"2026-01-08T12:44:42+00:00\",\"breadcrumb\":{\"@id\":\"https:\/\/somconnexio.coop\/es\/tarifas-familias\/#breadcrumb\"},\"inLanguage\":\"es\",\"potentialAction\":[{\"@type\":\"ReadAction\",\"target\":[\"https:\/\/somconnexio.coop\/es\/tarifas-familias\/\"]}]},{\"@type\":\"ImageObject\",\"inLanguage\":\"es\",\"@id\":\"https:\/\/somconnexio.coop\/es\/tarifas-familias\/#primaryimage\",\"url\":\"https:\/\/somconnexio.coop\/wp-content\/uploads\/2025\/12\/Thumb-tarifas-familias-es.png\",\"contentUrl\":\"https:\/\/somconnexio.coop\/wp-content\/uploads\/2025\/12\/Thumb-tarifas-familias-es.png\",\"width\":1371,\"height\":720},{\"@type\":\"BreadcrumbList\",\"@id\":\"https:\/\/somconnexio.coop\/es\/tarifas-familias\/#breadcrumb\",\"itemListElement\":[{\"@type\":\"ListItem\",\"position\":1,\"name\":\"Portada\",\"item\":\"https:\/\/somconnexio.coop\/es\/\"},{\"@type\":\"ListItem\",\"position\":2,\"name\":\"Tarifas familias\"}]},{\"@type\":\"WebSite\",\"@id\":\"https:\/\/somconnexio.coop\/#website\",\"url\":\"https:\/\/somconnexio.coop\/\",\"name\":\"Somos Conexi\u00f3n\",\"description\":\"la 1a cooperativa de telefon\u00eda e internet\",\"potentialAction\":[{\"@type\":\"SearchAction\",\"target\":{\"@type\":\"EntryPoint\",\"urlTemplate\":\"https:\/\/somconnexio.coop\/?s={search_term_string}\"},\"query-input\":{\"@type\":\"PropertyValueSpecification\",\"valueRequired\":true,\"valueName\":\"search_term_string\"}}],\"inLanguage\":\"es\"}]}<\/script>\n<!-- \/ Yoast SEO plugin. -->","yoast_head_json":{"title":"Tarifas familias - Somos Conexi\u00f3n","robots":{"index":"index","follow":"follow","max-snippet":"max-snippet:-1","max-image-preview":"max-image-preview:large","max-video-preview":"max-video-preview:-1"},"canonical":"https:\/\/somconnexio.coop\/es\/tarifas-familias\/","og_locale":"es_ES","og_type":"article","og_title":"Tarifas familias - Somos Conexi\u00f3n","og_description":"Tarifas sin datos para adolescentes Tarifas sin datos para adolescentes A\u00f1ade una linea con 0GB y 150 minutos por s\u00f3lo 1\u20ac No encuentras tu tarifa ideal? Tambi\u00e9n puedes seleccionar cualquier otra fibra o paquete y a\u00f1adir 1 o 2 l\u00edneas de 0GB por s\u00f3lo 1\u20ac. *Si ya tienes una fibra activa, pide tus l\u00edneas de [&hellip;]","og_url":"https:\/\/somconnexio.coop\/es\/tarifas-familias\/","og_site_name":"Somos Conexi\u00f3n","article_modified_time":"2026-01-08T12:44:42+00:00","og_image":[{"width":1371,"height":720,"url":"https:\/\/somconnexio.coop\/wp-content\/uploads\/2025\/12\/Thumb-tarifas-familias-es.png","type":"image\/png"}],"twitter_card":"summary_large_image","twitter_misc":{"Tiempo de lectura":"9 minutos"},"schema":{"@context":"https:\/\/schema.org","@graph":[{"@type":"WebPage","@id":"https:\/\/somconnexio.coop\/es\/tarifas-familias\/","url":"https:\/\/somconnexio.coop\/es\/tarifas-familias\/","name":"Tarifas familias - Somos Conexi\u00f3n","isPartOf":{"@id":"https:\/\/somconnexio.coop\/#website"},"primaryImageOfPage":{"@id":"https:\/\/somconnexio.coop\/es\/tarifas-familias\/#primaryimage"},"image":{"@id":"https:\/\/somconnexio.coop\/es\/tarifas-familias\/#primaryimage"},"thumbnailUrl":"https:\/\/somconnexio.coop\/wp-content\/uploads\/2025\/12\/Thumb-tarifas-familias-es.png","datePublished":"2025-12-10T14:24:08+00:00","dateModified":"2026-01-08T12:44:42+00:00","breadcrumb":{"@id":"https:\/\/somconnexio.coop\/es\/tarifas-familias\/#breadcrumb"},"inLanguage":"es","potentialAction":[{"@type":"ReadAction","target":["https:\/\/somconnexio.coop\/es\/tarifas-familias\/"]}]},{"@type":"ImageObject","inLanguage":"es","@id":"https:\/\/somconnexio.coop\/es\/tarifas-familias\/#primaryimage","url":"https:\/\/somconnexio.coop\/wp-content\/uploads\/2025\/12\/Thumb-tarifas-familias-es.png","contentUrl":"https:\/\/somconnexio.coop\/wp-content\/uploads\/2025\/12\/Thumb-tarifas-familias-es.png","width":1371,"height":720},{"@type":"BreadcrumbList","@id":"https:\/\/somconnexio.coop\/es\/tarifas-familias\/#breadcrumb","itemListElement":[{"@type":"ListItem","position":1,"name":"Portada","item":"https:\/\/somconnexio.coop\/es\/"},{"@type":"ListItem","position":2,"name":"Tarifas familias"}]},{"@type":"WebSite","@id":"https:\/\/somconnexio.coop\/#website","url":"https:\/\/somconnexio.coop\/","name":"Somos Conexi\u00f3n","description":"la 1a cooperativa de telefon\u00eda e internet","potentialAction":[{"@type":"SearchAction","target":{"@type":"EntryPoint","urlTemplate":"https:\/\/somconnexio.coop\/?s={search_term_string}"},"query-input":{"@type":"PropertyValueSpecification","valueRequired":true,"valueName":"search_term_string"}}],"inLanguage":"es"}]}},"_links":{"self":[{"href":"https:\/\/somconnexio.coop\/es\/wp-json\/wp\/v2\/pages\/27680","targetHints":{"allow":["GET"]}}],"collection":[{"href":"https:\/\/somconnexio.coop\/es\/wp-json\/wp\/v2\/pages"}],"about":[{"href":"https:\/\/somconnexio.coop\/es\/wp-json\/wp\/v2\/types\/page"}],"author":[{"embeddable":true,"href":"https:\/\/somconnexio.coop\/es\/wp-json\/wp\/v2\/users\/11"}],"replies":[{"embeddable":true,"href":"https:\/\/somconnexio.coop\/es\/wp-json\/wp\/v2\/comments?post=27680"}],"version-history":[{"count":18,"href":"https:\/\/somconnexio.coop\/es\/wp-json\/wp\/v2\/pages\/27680\/revisions"}],"predecessor-version":[{"id":27932,"href":"https:\/\/somconnexio.coop\/es\/wp-json\/wp\/v2\/pages\/27680\/revisions\/27932"}],"wp:featuredmedia":[{"embeddable":true,"href":"https:\/\/somconnexio.coop\/es\/wp-json\/wp\/v2\/media\/27661"}],"wp:attachment":[{"href":"https:\/\/somconnexio.coop\/es\/wp-json\/wp\/v2\/media?parent=27680"}],"curies":[{"name":"wp","href":"https:\/\/api.w.org\/{rel}","templated":true}]}}